{"id":2148,"date":"2024-10-02T11:37:40","date_gmt":"2024-10-02T11:37:40","guid":{"rendered":"https:\/faq\/"},"modified":"2025-01-23T13:07:38","modified_gmt":"2025-01-23T13:07:38","slug":"faq","status":"publish","type":"page","link":"https:\/\/bellen.hr\/hr\/faq\/","title":{"rendered":"FAQ"},"content":{"rendered":"<p>[et_pb_section fb_built=&#8221;1&#8243; _builder_version=&#8221;4.27.3&#8243; _module_preset=&#8221;default&#8221; background_color=&#8221;#f4f8fb&#8221; use_background_color_gradient=&#8221;on&#8221; background_color_gradient_stops=&#8221;rgba(15,33,43,0.97) 1%|rgba(15,33,43,0.24) 100%&#8221; background_color_gradient_overlays_image=&#8221;on&#8221; background_image=&#8221;http:\/\/bellen.hr\/wp-content\/uploads\/2024\/11\/rent-a-boat-pula-charter-bellen.jpg&#8221; height_tablet=&#8221;auto&#8221; height_phone=&#8221;auto&#8221; height_last_edited=&#8221;on|tablet&#8221; custom_padding=&#8221;|0px||||&#8221; global_colors_info=&#8221;{}&#8221;][et_pb_row column_structure=&#8221;1_3,1_3,1_3&#8243; use_custom_gutter=&#8221;on&#8221; gutter_width=&#8221;2&#8243; custom_padding_last_edited=&#8221;on|phone&#8221; _builder_version=&#8221;4.27.3&#8243; _module_preset=&#8221;default&#8221; positioning=&#8221;none&#8221; position_origin_a=&#8221;center_center&#8221; width=&#8221;90%&#8221; max_width=&#8221;80%&#8221; custom_margin=&#8221;5%||||false|false&#8221; custom_padding=&#8221;||50px||false|false&#8221; custom_padding_tablet=&#8221;||50px||false|false&#8221; custom_padding_phone=&#8221;||0px||false|false&#8221; hover_enabled=&#8221;0&#8243; custom_css_main_element=&#8221;align-items: center;&#8221; global_colors_info=&#8221;{}&#8221; sticky_enabled=&#8221;0&#8243;][et_pb_column type=&#8221;1_3&#8243; _builder_version=&#8221;4.22.1&#8243; _module_preset=&#8221;default&#8221; scroll_fade_enable=&#8221;on&#8221; scroll_fade=&#8221;0|50|50|100|50%|100%|100%&#8221; scroll_scaling=&#8221;0|30|30|60|90%|100|90%&#8221; motion_trigger_start=&#8221;top&#8221; global_colors_info=&#8221;{}&#8221;][et_pb_text _builder_version=&#8221;4.27.3&#8243; _module_preset=&#8221;default&#8221; header_font=&#8221;Inria Serif|300|||||||&#8221; header_text_align=&#8221;left&#8221; header_text_color=&#8221;#FFFFFF&#8221; header_font_size=&#8221;50px&#8221; header_letter_spacing=&#8221;1.2px&#8221; header_line_height=&#8221;1.3em&#8221; custom_margin=&#8221;5%||10px||false|false&#8221; header_font_size_tablet=&#8221;50px&#8221; header_font_size_phone=&#8221;35px&#8221; header_font_size_last_edited=&#8221;on|phone&#8221; global_colors_info=&#8221;{}&#8221;]<\/p>\n<h1>FAQ<\/h1>\n<p>[\/et_pb_text][et_pb_text _builder_version=&#8221;4.27.3&#8243; _module_preset=&#8221;default&#8221; text_font=&#8221;Inria Sans||||||||&#8221; text_text_color=&#8221;#000000&#8243; header_line_height=&#8221;1.5em&#8221; header_2_font=&#8221;Inria Sans|300|||||||&#8221; header_2_text_color=&#8221;#FFFFFF&#8221; header_2_font_size=&#8221;22px&#8221; header_3_font=&#8221;Inria Sans|300|||||||&#8221; header_3_text_color=&#8221;#FFFFFF&#8221; header_3_font_size=&#8221;16px&#8221; header_3_line_height=&#8221;1.8em&#8221; global_colors_info=&#8221;{}&#8221;]<\/p>\n<h3><span>Imate jo\u0161 pitanja? Ovdje smo da pomognemo! Ako trebate dodatne informacije ili imate specifi\u010dne zahtjeve, slobodno nam se obratite. Na\u0161 tim je posve\u0107en tome da imate sve \u0161to vam je potrebno za neometano i nezaboravno iskustvo na Jadranu. Dopustite nam da vam pomognemo isplanirati va\u0161e savr\u0161eno putovanje!    <\/span><\/h3>\n<p>[\/et_pb_text][dsm_icon_list icon_color=&#8221;#FFFFFF&#8221; icon_background_color=&#8221;#0f212b&#8221; icon_padding=&#8221;10px&#8221; icon_font_size=&#8221;16px&#8221; list_space_between=&#8221;5px&#8221; _builder_version=&#8221;4.27.3&#8243; _module_preset=&#8221;default&#8221; text_font=&#8221;Inria Sans||||||||&#8221; text_text_color=&#8221;#FFFFFF&#8221; text_font_size=&#8221;16px&#8221; border_radii_icon=&#8221;on|100px|100px|100px|100px&#8221; border_width_all_icon=&#8221;0.5px&#8221; border_color_all_icon=&#8221;#FFFFFF&#8221; global_colors_info=&#8221;{}&#8221;][dsm_icon_list_child text=&#8221;Nazovite nas: +385 98 9767 054&#8243; font_icon=&#8221;&#xe090;||divi||400&#8243; url=&#8221;tel:+385989767054&#8243; _builder_version=&#8221;4.27.3&#8243; _module_preset=&#8221;default&#8221; global_colors_info=&#8221;{}&#8221;][\/dsm_icon_list_child][dsm_icon_list_child text=&#8221;Email: info@&#8221; font_icon=&#8221;&#xe010;||divi||400&#8243; url=&#8221;mailto:info@&#8221; _builder_version=&#8221;4.27.3&#8243; _module_preset=&#8221;default&#8221; global_colors_info=&#8221;{}&#8221;][\/dsm_icon_list_child][\/dsm_icon_list][\/et_pb_column][et_pb_column type=&#8221;1_3&#8243; _builder_version=&#8221;4.22.1&#8243; _module_preset=&#8221;default&#8221; scroll_fade_enable=&#8221;on&#8221; scroll_fade=&#8221;0|50|50|100|50%|100%|100%&#8221; scroll_scaling=&#8221;0|30|30|60|90%|100|90%&#8221; motion_trigger_start=&#8221;top&#8221; global_colors_info=&#8221;{}&#8221;][dsm_faq dsm_open_font_icon=&#8221;&#x21;||divi||400&#8243; dsm_close_font_icon=&#8221;&#x22;||divi||400&#8243; dsm_open_icon_bg_color=&#8221;#0F303F&#8221; dsm_open_icon_color=&#8221;#FFFFFF&#8221; dsm_open_icon_padding=&#8221;5px|5px|5px|5px|true|true&#8221; dsm_close_icon_bg_color=&#8221;#FFFFFF&#8221; dsm_close_icon_color=&#8221;#0f303f&#8221; dsm_close_icon_padding=&#8221;5px|5px|5px|5px|true|true&#8221; dsm_close_font_size=&#8221;16px&#8221; dsm_content_margin=&#8221;20px||||false|false&#8221; dsm_content_padding=&#8221;|||30px|false|false&#8221; _builder_version=&#8221;4.27.4&#8243; _module_preset=&#8221;default&#8221; header_font=&#8221;Inria Sans||||||||&#8221; header_text_color=&#8221;#0f303f&#8221; header_font_size=&#8221;14px&#8221; closed_header_font=&#8221;Inria Serif|||on|||||&#8221; closed_header_text_color=&#8221;#0f303f&#8221; content_font=&#8221;Inria Sans||||||||&#8221; content_text_align=&#8221;justify&#8221; hover_enabled=&#8221;0&#8243; border_radii_dsm_icon_open_border=&#8221;on|50px|50px|50px|50px&#8221; border_radii_dsm_icon_close_border=&#8221;on|50px|50px|50px|50px&#8221; global_colors_info=&#8221;{}&#8221; sticky_enabled=&#8221;0&#8243;][dsm_faq_child dsm_title=&#8221;Mjesto preuzimanja&#8221; dsm_content=&#8221;<\/p>\n<p><strong>Gdje mogu preuzeti brod?<\/strong><br \/><span>Plovila su dostupna za preuzimanje u<\/span> <strong>Marini Polesana, Ulica Valelunga 90, 52100 Pula<\/strong> <span>.<\/span><\/p>\n<p>&#8221; _builder_version=&#8221;4.27.4&#8243; _module_preset=&#8221;default&#8221; content_font=&#8221;Inria Sans||||||||&#8221; content_font_size=&#8221;14px&#8221; hover_enabled=&#8221;0&#8243; global_colors_info=&#8221;{}&#8221; parentOrderClass=&#8221;dsm_faq_0&#8243; sticky_enabled=&#8221;0&#8243;][\/dsm_faq_child][dsm_faq_child dsm_title=&#8221;Vrijeme prijave i odjave&#8221; dsm_content=&#8221;<\/p>\n<p><strong>Koje je vrijeme prijave i odjave?<\/strong><\/p>\n<ul>\n<li><strong>Dolazak<\/strong> : 9:00 sati<\/li>\n<li><strong>Odjava<\/strong> : 18:00<\/li>\n<\/ul>\n<p>&#8221; _builder_version=&#8221;4.27.4&#8243; _module_preset=&#8221;default&#8221; hover_enabled=&#8221;0&#8243; global_colors_info=&#8221;{}&#8221; parentOrderClass=&#8221;dsm_faq_0&#8243; sticky_enabled=&#8221;0&#8243;][\/dsm_faq_child][dsm_faq_child dsm_title=&#8221;\u0160to je uklju\u010deno u cijenu najma?&#8221; dsm_content=&#8221;<\/p>\n<p>Cijena najma uklju\u010duje:<\/p>\n<ul>\n<li>Iznajmljivanje broda<\/li>\n<li>Kasko osiguranje broda i posade<\/li>\n<li>Sigurnosna oprema<\/li>\n<li>Osnovna operativna oprema za navigaciju<\/li>\n<\/ul>\n<p>&#8221; _builder_version=&#8221;4.27.4&#8243; _module_preset=&#8221;default&#8221; hover_enabled=&#8221;0&#8243; global_colors_info=&#8221;{}&#8221; parentOrderClass=&#8221;dsm_faq_0&#8243; sticky_enabled=&#8221;0&#8243;][\/dsm_faq_child][dsm_faq_child dsm_title=&#8221;\u0160to nije uklju\u010deno u cijenu najma?&#8221; dsm_content=&#8221;<\/p>\n<p>Sljede\u0107e nije uklju\u010deno:<\/p>\n<ul>\n<li>Gorivo<\/li>\n<li>Pristojbe za druge marine<\/li>\n<\/ul>\n<p><span style=%22font-weight: 400;%22>Ako imate bilo kakvih zdravstvenih problema i trebate odre\u0111ene stvari ili lijekove na brodu, slobodno nas kontaktirajte. Na\u0161 tim je tu da odgovori na va\u0161e potrebe i osigura va\u0161u udobnost i sigurnost tijekom va\u0161eg putovanja. Razumijemo da je svaki putnik jedinstven i da mo\u017ee zahtijevati druga\u010diji smje\u0161taj, pa vas poti\u010demo da nas obavijestite unaprijed kako bismo mogli napraviti potrebne aran\u017emane. Na\u0161 cilj je svim na\u0161im putnicima pru\u017eiti pozitivno iskustvo putovanja bez stresa.   <\/span><\/p>\n<p>&#8221; _builder_version=&#8221;4.27.3&#8243; _module_preset=&#8221;default&#8221; global_colors_info=&#8221;{}&#8221; parentOrderClass=&#8221;dsm_faq_0&#8243;][\/dsm_faq_child][dsm_faq_child dsm_title=&#8221;Zahtjevi licence&#8221; dsm_content=&#8221;<\/p>\n<p><strong>Trebam li dozvolu za upravljanje brodom?<\/strong><br \/>Da, trebat \u0107e vam:<\/p>\n<ul>\n<li>Va\u017ee\u0107a skiperska dozvola (C kategorija)<\/li>\n<li>ILI valjanu dozvolu za voditelja broda (B kategorija)<\/li>\n<\/ul>\n<p>&#8221; _builder_version=&#8221;4.27.4&#8243; _module_preset=&#8221;default&#8221; hover_enabled=&#8221;0&#8243; global_colors_info=&#8221;{}&#8221; parentOrderClass=&#8221;dsm_faq_0&#8243; sticky_enabled=&#8221;0&#8243;][\/dsm_faq_child][dsm_faq_child dsm_title=&#8221;\u0160to ako nemam valjanu dozvolu?&#8221; dsm_content=&#8221;<\/p>\n<p><span>Ako nemate va\u017ee\u0107u dozvolu, mo\u017eemo vam osigurati profesionalnog skipera koji \u0107e upravljati brodom, osiguravaju\u0107i opu\u0161taju\u0107e iskustvo bez stresa.<\/span><\/p>\n<p>&#8221; _builder_version=&#8221;4.27.4&#8243; _module_preset=&#8221;default&#8221; hover_enabled=&#8221;0&#8243; global_colors_info=&#8221;{}&#8221; parentOrderClass=&#8221;dsm_faq_0&#8243; sticky_enabled=&#8221;0&#8243;][\/dsm_faq_child][dsm_faq_child dsm_title=&#8221;Sigurnosna oprema&#8221; dsm_content=&#8221;<\/p>\n<p><strong>Koja je sigurnosna oprema uklju\u010dena?<\/strong><br \/>Brodovi su kompletno opremljeni sa:<\/p>\n<ul>\n<li>Prsluci za spa\u0161avanje<\/li>\n<li>Koluti za spa\u0161avanje<\/li>\n<li>Baklje i signalne rakete<\/li>\n<li>Kutija prve pomo\u0107i<\/li>\n<li>svjetiljke<\/li>\n<li>Aparati za ga\u0161enje po\u017eara<\/li>\n<\/ul>\n<p>&#8221; _builder_version=&#8221;4.27.4&#8243; _module_preset=&#8221;default&#8221; hover_enabled=&#8221;0&#8243; global_colors_info=&#8221;{}&#8221; parentOrderClass=&#8221;dsm_faq_0&#8243; sticky_enabled=&#8221;0&#8243;][\/dsm_faq_child][\/dsm_faq][\/et_pb_column][et_pb_column type=&#8221;1_3&#8243; _builder_version=&#8221;4.22.1&#8243; _module_preset=&#8221;default&#8221; scroll_fade_enable=&#8221;on&#8221; scroll_fade=&#8221;0|50|50|100|50%|100%|100%&#8221; scroll_scaling=&#8221;0|30|30|60|90%|100|90%&#8221; motion_trigger_start=&#8221;top&#8221; global_colors_info=&#8221;{}&#8221;][dsm_faq dsm_open_font_icon=&#8221;&#x21;||divi||400&#8243; dsm_close_font_icon=&#8221;&#x22;||divi||400&#8243; dsm_open_icon_bg_color=&#8221;#0F303F&#8221; dsm_open_icon_color=&#8221;#FFFFFF&#8221; dsm_open_icon_padding=&#8221;5px|5px|5px|5px|true|true&#8221; dsm_close_icon_bg_color=&#8221;#FFFFFF&#8221; dsm_close_icon_color=&#8221;#0f303f&#8221; dsm_close_icon_padding=&#8221;5px|5px|5px|5px|true|true&#8221; dsm_close_font_size=&#8221;16px&#8221; dsm_content_margin=&#8221;20px||||false|false&#8221; dsm_content_padding=&#8221;|||30px|false|false&#8221; _builder_version=&#8221;4.27.3&#8243; _module_preset=&#8221;default&#8221; header_font=&#8221;Inria Sans||||||||&#8221; header_text_color=&#8221;#0f303f&#8221; header_font_size=&#8221;14px&#8221; closed_header_font=&#8221;Inria Serif|||on|||||&#8221; closed_header_text_color=&#8221;#0f303f&#8221; content_font=&#8221;Inria Sans||||||||&#8221; content_text_align=&#8221;justify&#8221; border_radii_dsm_icon_open_border=&#8221;on|50px|50px|50px|50px&#8221; border_radii_dsm_icon_close_border=&#8221;on|50px|50px|50px|50px&#8221; global_colors_info=&#8221;{}&#8221;][dsm_faq_child dsm_title=&#8221;Mogu\u0107nosti trajanja najma&#8221; dsm_content=&#8221;<\/p>\n<p><strong>Mogu li iznajmiti brod na jedan dan?<\/strong><br \/> <span>Da, Bellen Charter nudi<\/span> opcije <strong>jednodnevnog<\/strong> <span>i<\/span> <strong>vi\u0161ednevnog<\/strong> <span>najma.<\/span><\/p>\n<p>&#8221; _builder_version=&#8221;4.27.3&#8243; _module_preset=&#8221;default&#8221; global_colors_info=&#8221;{}&#8221; parentOrderClass=&#8221;dsm_faq_1&#8243;][\/dsm_faq_child][dsm_faq_child dsm_title=&#8221;Sigurnosni polog&#8221; dsm_content=&#8221;<\/p>\n<p><strong>\u010cemu slu\u017ei sigurnosni polog?<\/strong><br \/>Sigurnosni polog je potreban prije preuzimanja plovila i slu\u017ei kao osiguranje od bilo kakve \u0161tete uzrokovane nemarom.<\/p>\n<p><strong>Koje vrste \u0161teta pokriva sigurnosni polog?<\/strong><br \/>Primjeri uklju\u010duju:<\/p>\n<ul>\n<li>O\u0161te\u0107en namje\u0161taj<\/li>\n<li>Spaljeni ili izgubljeni jastuci<\/li>\n<li>Blokirani toaleti<\/li>\n<li>Ogrebotine ili o\u0161te\u0107enja vanjskog dijela plovila, plasti\u010dnih dijelova ili povr\u0161ina od tikovine<\/li>\n<\/ul>\n<p>&#8221; _builder_version=&#8221;4.27.3&#8243; _module_preset=&#8221;default&#8221; global_colors_info=&#8221;{}&#8221; parentOrderClass=&#8221;dsm_faq_1&#8243;][\/dsm_faq_child][dsm_faq_child dsm_title=&#8221;Koje vrste \u0161teta NE pokriva sigurnosni polog?&#8221; dsm_content=&#8221;<\/p>\n<p><span>Kvarovi motora ili problemi povezani s mehani\u010dkim dijelovima, elektri\u010dnim sustavima ili sustavima vode ne odbijaju se od pologa.<\/span><\/p>\n<p>&#8221; _builder_version=&#8221;4.27.3&#8243; _module_preset=&#8221;default&#8221; global_colors_info=&#8221;{}&#8221; parentOrderClass=&#8221;dsm_faq_1&#8243;][\/dsm_faq_child][dsm_faq_child dsm_title=&#8221;Koje stvari se nalaze na brodu?&#8221; dsm_content=&#8221;<\/p>\n<p>Sva plovila su opremljena sa:<\/p>\n<ul>\n<li>Posteljina, jastuci i popluni<\/li>\n<li>Mali i veliki ru\u010dnici<\/li>\n<li>Kuhinjske potrep\u0161tine<\/li>\n<li>Sapun za ruke i toaletni papir<\/li>\n<li>Sigurnosna oprema<\/li>\n<\/ul>\n<p>&#8221; _builder_version=&#8221;4.27.3&#8243; _module_preset=&#8221;default&#8221; global_colors_info=&#8221;{}&#8221; parentOrderClass=&#8221;dsm_faq_1&#8243;][\/dsm_faq_child][dsm_faq_child dsm_title=&#8221;\u0160to trebam ponijeti sa sobom?&#8221; dsm_content=&#8221;<\/p>\n<p>Gosti trebaju ponijeti osobne stvari kao \u0161to su:<\/p>\n<ul>\n<li>Odje\u0107a i obu\u0107a<\/li>\n<li>Minimalne zalihe hrane (\u010damac ima ograni\u010den prostor za skladi\u0161tenje)<\/li>\n<\/ul>\n<p>&#8221; _builder_version=&#8221;4.27.3&#8243; _module_preset=&#8221;default&#8221; global_colors_info=&#8221;{}&#8221; parentOrderClass=&#8221;dsm_faq_1&#8243;][\/dsm_faq_child][dsm_faq_child dsm_title=&#8221;Postoje li ograni\u010denja u pogledu onoga \u0161to mogu donijeti?&#8221; dsm_content=&#8221;<\/p>\n<p><span>Da, molimo vas da izbjegavate preopakiranje jer brodovi imaju ograni\u010den prostor. Ugra\u0111eni hladnjak je malen s vrlo ograni\u010denim odjeljkom za zamrzavanje. Dr\u017eite palubu \u010distom radi lak\u0161eg kretanja u slu\u010daju nu\u017ede.  <\/span><\/p>\n<p>&#8221; _builder_version=&#8221;4.27.3&#8243; _module_preset=&#8221;default&#8221; global_colors_info=&#8221;{}&#8221; parentOrderClass=&#8221;dsm_faq_1&#8243;][\/dsm_faq_child][\/dsm_faq][\/et_pb_column][\/et_pb_row][\/et_pb_section]<\/p>\n","protected":false},"excerpt":{"rendered":"<p>FAQImate jo\u0161 pitanja? Ovdje smo da pomognemo! Ako trebate dodatne informacije ili imate specifi\u010dne zahtjeve, slobodno nam se obratite. Na\u0161 tim je posve\u0107en tome da imate sve \u0161to vam je potrebno za neometano i nezaboravno iskustvo na Jadranu. Dopustite nam da vam pomognemo isplanirati va\u0161e savr\u0161eno putovanje! <div class=\"et_pb_with_border et_pb_module dsm_icon_list dsm_icon_list_0\">\n\t\t\t\t\n\t\t\t\t\n\t\t\t\t\n\t\t\t\t\n\t\t\t\t\n\t\t\t\t\n\t\t\t\t<div class=\"et_pb_module_inner\">\n\t\t\t\t\t<ul class=\"dsm_icon_list_items dsm_icon_list_ltr_direction dsm_icon_list_layout_vertical\"><li class=\"dsm_icon_list_child dsm_icon_list_child_0\">\n\t\t\t\t\n\t\t\t\t\n\t\t\t\t\n\t\t\t\t\n\t\t\t\t<a href=\"tel:+385989767054\"><span class=\"dsm_icon_list_wrapper\"><span class=\"dsm_icon_list_icon\">\ue090<\/span><\/span><span class=\"dsm_icon_list_text\">Nazovite nas: +385 98 9767 054<\/span><\/a>\n\t\t\t<\/li><li class=\"dsm_icon_list_child dsm_icon_list_child_1\">\n\t\t\t\t\n\t\t\t\t\n\t\t\t\t\n\t\t\t\t\n\t\t\t\t<a href=\"mailto:info@\"><span class=\"dsm_icon_list_wrapper\"><span class=\"dsm_icon_list_icon\">\ue010<\/span><\/span><span class=\"dsm_icon_list_text\">Email: info@<\/span><\/a>\n\t\t\t<\/li><\/ul>\n\t\t\t\t<\/div>\n\t\t\t<\/div><div class=\"et_pb_module dsm_faq dsm_faq_0\">\n\t\t\t\t\n\t\t\t\t\n\t\t\t\t\n\t\t\t\t\n\t\t\t\t\n\t\t\t\t\n\t\t\t\t<div class=\"et_pb_module_inner\">\n\t\t\t\t\t<div class=\"dsm-faq-container dsm-front\" data-accordion=\"off\" data-open_first_item=\"off\">\n\t\t\t\t\n\t\t\t <\/div>\n\t\t\t \n\t\t\t\n\t\t\t\t<\/div>\n\t\t\t<\/div><div class=\"dsm_faq_child_0 dsm-faq-item-wrapper\">\n\t\t\t\t<div class=\"dsm-title-wrapper\">\n\t\t\t\t <div class=\"dsm-title-inner-wrapper\">\n\t\t\t\t   <div class=\"dsm_open_icon\"><span>!<\/span><\/div>\n\t\t\t\t   <div class=\"dsm_close_icon\"><span>\"<\/span><\/div>\n\t\t\t\t   \n\t\t\t\t   \n\t\t\t\t   <h5 class=\"dsm-faq-title\">Mjesto preuzimanja<\/h5>\n\t\t\t\t <\/div> \n\t\t\t\t <div class=\"dsm-faq-item-inner-wrapper\">\n\t\t\t\t   \n\t\t\t\t   \n\t\t\t\t   \n\t\t\t\t   \n\t\t\t\t <\/div>\n\t\t\t\t<\/div>\n\t\t\t\t<div class=\"dsm-faq-content\">Gdje mogu preuzeti brod?Plovila su dostupna za preuzimanje u Marini Polesana, Ulica Valelunga 90, 52100 Pula .<\/div>\n\t\t\t <\/div>\n\t\t\t<div class=\"dsm_faq_child_1 dsm-faq-item-wrapper\">\n\t\t\t\t<div class=\"dsm-title-wrapper\">\n\t\t\t\t <div class=\"dsm-title-inner-wrapper\">\n\t\t\t\t   <div class=\"dsm_open_icon\"><span>!<\/span><\/div>\n\t\t\t\t   <div class=\"dsm_close_icon\"><span>\"<\/span><\/div>\n\t\t\t\t   \n\t\t\t\t   \n\t\t\t\t   <h5 class=\"dsm-faq-title\">Vrijeme prijave i odjave<\/h5>\n\t\t\t\t <\/div> \n\t\t\t\t <div class=\"dsm-faq-item-inner-wrapper\">\n\t\t\t\t   \n\t\t\t\t   \n\t\t\t\t   \n\t\t\t\t   \n\t\t\t\t <\/div>\n\t\t\t\t<\/div>\n\t\t\t\t<div class=\"dsm-faq-content\">Koje je vrijeme prijave i odjave? Dolazak : 9:00 sati Odjava : 18:00 <\/div>\n\t\t\t <\/div>\n\t\t\t<div class=\"dsm_faq_child_2 dsm-faq-item-wrapper\">\n\t\t\t\t<div class=\"dsm-title-wrapper\">\n\t\t\t\t <div class=\"dsm-title-inner-wrapper\">\n\t\t\t\t   <div class=\"dsm_open_icon\"><span>!<\/span><\/div>\n\t\t\t\t   <div class=\"dsm_close_icon\"><span>\"<\/span><\/div>\n\t\t\t\t   \n\t\t\t\t   \n\t\t\t\t   <h5 class=\"dsm-faq-title\">\u0160to je uklju\u010deno u cijenu najma?<\/h5>\n\t\t\t\t <\/div> \n\t\t\t\t <div class=\"dsm-faq-item-inner-wrapper\">\n\t\t\t\t   \n\t\t\t\t   \n\t\t\t\t   \n\t\t\t\t   \n\t\t\t\t <\/div>\n\t\t\t\t<\/div>\n\t\t\t\t<div class=\"dsm-faq-content\">Cijena najma uklju\u010duje: Iznajmljivanje broda Kasko osiguranje broda i posade Sigurnosna oprema Osnovna operativna oprema za navigaciju <\/div>\n\t\t\t <\/div>\n\t\t\t<div class=\"dsm_faq_child_3 dsm-faq-item-wrapper\">\n\t\t\t\t<div class=\"dsm-title-wrapper\">\n\t\t\t\t <div class=\"dsm-title-inner-wrapper\">\n\t\t\t\t   <div class=\"dsm_open_icon\"><span>!<\/span><\/div>\n\t\t\t\t   <div class=\"dsm_close_icon\"><span>\"<\/span><\/div>\n\t\t\t\t   \n\t\t\t\t   \n\t\t\t\t   <h5 class=\"dsm-faq-title\">&#8221;\u0160to<\/h5>\n\t\t\t\t <\/div> \n\t\t\t\t <div class=\"dsm-faq-item-inner-wrapper\">\n\t\t\t\t   \n\t\t\t\t   \n\t\t\t\t   \n\t\t\t\t   \n\t\t\t\t <\/div>\n\t\t\t\t<\/div>\n\t\t\t\t<div class=\"dsm-faq-content\">&#8221;Sljede\u0107e<\/div>\n\t\t\t <\/div>\n\t\t\t<\/p>\n","protected":false},"author":1,"featured_media":1821,"parent":0,"menu_order":0,"comment_status":"closed","ping_status":"closed","template":"","meta":{"_et_pb_use_builder":"on","_et_pb_old_content":"","_et_gb_content_width":"","footnotes":""},"class_list":["post-2148","page","type-page","status-publish","has-post-thumbnail","hentry"],"yoast_head":"<!-- This site is optimized with the Yoast SEO Premium plugin v27.4 (Yoast SEO v27.4) - https:\/\/yoast.com\/product\/yoast-seo-premium-wordpress\/ -->\n<title>FAQ - Pula rent a boat<\/title>\n<meta name=\"robots\" content=\"index, follow, max-snippet:-1, max-image-preview:large, max-video-preview:-1\" \/>\n<link rel=\"canonical\" href=\"https:\/\/bellen.hr\/hr\/faq\/\" \/>\n<meta property=\"og:locale\" content=\"hr_HR\" \/>\n<meta property=\"og:type\" content=\"article\" \/>\n<meta property=\"og:title\" content=\"FAQ\" \/>\n<meta property=\"og:description\" content=\"FAQImate jo\u0161 pitanja? Ovdje smo da pomognemo! Ako trebate dodatne informacije ili imate specifi\u010dne zahtjeve, slobodno nam se obratite. Na\u0161 tim je posve\u0107en tome da imate sve \u0161to vam je potrebno za neometano i nezaboravno iskustvo na Jadranu. Dopustite nam da vam pomognemo isplanirati va\u0161e savr\u0161eno putovanje!\" \/>\n<meta property=\"og:url\" content=\"https:\/\/bellen.hr\/hr\/faq\/\" \/>\n<meta property=\"og:site_name\" content=\"Pula rent a boat\" \/>\n<meta property=\"article:modified_time\" content=\"2025-01-23T13:07:38+00:00\" \/>\n<meta property=\"og:image\" content=\"https:\/\/bellen.hr\/wp-content\/uploads\/2024\/12\/lilly-pula-rent-a-boat.webp\" \/>\n\t<meta property=\"og:image:width\" content=\"1600\" \/>\n\t<meta property=\"og:image:height\" content=\"1065\" \/>\n\t<meta property=\"og:image:type\" content=\"image\/webp\" \/>\n<meta name=\"twitter:card\" content=\"summary_large_image\" \/>\n<meta name=\"twitter:label1\" content=\"Procijenjeno vrijeme \u010ditanja\" \/>\n\t<meta name=\"twitter:data1\" content=\"8 minuta\" \/>\n<script type=\"application\/ld+json\" class=\"yoast-schema-graph\">{\"@context\":\"https:\\\/\\\/schema.org\",\"@graph\":[{\"@type\":\"WebPage\",\"@id\":\"https:\\\/\\\/bellen.hr\\\/hr\\\/faq\\\/\",\"url\":\"https:\\\/\\\/bellen.hr\\\/hr\\\/faq\\\/\",\"name\":\"FAQ - Pula rent a boat\",\"isPartOf\":{\"@id\":\"https:\\\/\\\/bellen.hr\\\/hr\\\/#website\"},\"primaryImageOfPage\":{\"@id\":\"https:\\\/\\\/bellen.hr\\\/hr\\\/faq\\\/#primaryimage\"},\"image\":{\"@id\":\"https:\\\/\\\/bellen.hr\\\/hr\\\/faq\\\/#primaryimage\"},\"thumbnailUrl\":\"https:\\\/\\\/bellen.hr\\\/wp-content\\\/uploads\\\/2024\\\/12\\\/lilly-pula-rent-a-boat.webp\",\"datePublished\":\"2024-10-02T11:37:40+00:00\",\"dateModified\":\"2025-01-23T13:07:38+00:00\",\"breadcrumb\":{\"@id\":\"https:\\\/\\\/bellen.hr\\\/hr\\\/faq\\\/#breadcrumb\"},\"inLanguage\":\"hr\",\"potentialAction\":[{\"@type\":\"ReadAction\",\"target\":[\"https:\\\/\\\/bellen.hr\\\/hr\\\/faq\\\/\"]}]},{\"@type\":\"ImageObject\",\"inLanguage\":\"hr\",\"@id\":\"https:\\\/\\\/bellen.hr\\\/hr\\\/faq\\\/#primaryimage\",\"url\":\"https:\\\/\\\/bellen.hr\\\/wp-content\\\/uploads\\\/2024\\\/12\\\/lilly-pula-rent-a-boat.webp\",\"contentUrl\":\"https:\\\/\\\/bellen.hr\\\/wp-content\\\/uploads\\\/2024\\\/12\\\/lilly-pula-rent-a-boat.webp\",\"width\":1600,\"height\":1065},{\"@type\":\"BreadcrumbList\",\"@id\":\"https:\\\/\\\/bellen.hr\\\/hr\\\/faq\\\/#breadcrumb\",\"itemListElement\":[{\"@type\":\"ListItem\",\"position\":1,\"name\":\"Home\",\"item\":\"https:\\\/\\\/bellen.hr\\\/hr\\\/home\\\/\"},{\"@type\":\"ListItem\",\"position\":2,\"name\":\"FAQ\"}]},{\"@type\":\"WebSite\",\"@id\":\"https:\\\/\\\/bellen.hr\\\/hr\\\/#website\",\"url\":\"https:\\\/\\\/bellen.hr\\\/hr\\\/\",\"name\":\"Pula rent a boat\",\"description\":\"Boat charter rent in Pula\",\"publisher\":{\"@id\":\"https:\\\/\\\/bellen.hr\\\/hr\\\/#organization\"},\"potentialAction\":[{\"@type\":\"SearchAction\",\"target\":{\"@type\":\"EntryPoint\",\"urlTemplate\":\"https:\\\/\\\/bellen.hr\\\/hr\\\/?s={search_term_string}\"},\"query-input\":{\"@type\":\"PropertyValueSpecification\",\"valueRequired\":true,\"valueName\":\"search_term_string\"}}],\"inLanguage\":\"hr\"},{\"@type\":[\"Organization\",\"Place\"],\"@id\":\"https:\\\/\\\/bellen.hr\\\/hr\\\/#organization\",\"name\":\"Bellen charter\",\"alternateName\":\"Bellen charter\",\"url\":\"https:\\\/\\\/bellen.hr\\\/hr\\\/\",\"logo\":{\"@id\":\"https:\\\/\\\/bellen.hr\\\/hr\\\/faq\\\/#local-main-organization-logo\"},\"image\":{\"@id\":\"https:\\\/\\\/bellen.hr\\\/hr\\\/faq\\\/#local-main-organization-logo\"},\"telephone\":[],\"openingHoursSpecification\":[{\"@type\":\"OpeningHoursSpecification\",\"dayOfWeek\":[\"Monday\",\"Tuesday\",\"Wednesday\",\"Thursday\",\"Friday\",\"Saturday\",\"Sunday\"],\"opens\":\"09:00\",\"closes\":\"17:00\"}]},{\"@type\":\"ImageObject\",\"inLanguage\":\"hr\",\"@id\":\"https:\\\/\\\/bellen.hr\\\/hr\\\/faq\\\/#local-main-organization-logo\",\"url\":\"https:\\\/\\\/bellen.hr\\\/wp-content\\\/uploads\\\/2026\\\/01\\\/Original-Logo.png\",\"contentUrl\":\"https:\\\/\\\/bellen.hr\\\/wp-content\\\/uploads\\\/2026\\\/01\\\/Original-Logo.png\",\"width\":2229,\"height\":2033,\"caption\":\"Bellen charter\"}]}<\/script>\n<!-- \/ Yoast SEO Premium plugin. -->","yoast_head_json":{"title":"FAQ - Pula rent a boat","robots":{"index":"index","follow":"follow","max-snippet":"max-snippet:-1","max-image-preview":"max-image-preview:large","max-video-preview":"max-video-preview:-1"},"canonical":"https:\/\/bellen.hr\/hr\/faq\/","og_locale":"hr_HR","og_type":"article","og_title":"FAQ","og_description":"FAQImate jo\u0161 pitanja? Ovdje smo da pomognemo! Ako trebate dodatne informacije ili imate specifi\u010dne zahtjeve, slobodno nam se obratite. Na\u0161 tim je posve\u0107en tome da imate sve \u0161to vam je potrebno za neometano i nezaboravno iskustvo na Jadranu. Dopustite nam da vam pomognemo isplanirati va\u0161e savr\u0161eno putovanje!","og_url":"https:\/\/bellen.hr\/hr\/faq\/","og_site_name":"Pula rent a boat","article_modified_time":"2025-01-23T13:07:38+00:00","og_image":[{"width":1600,"height":1065,"url":"https:\/\/bellen.hr\/wp-content\/uploads\/2024\/12\/lilly-pula-rent-a-boat.webp","type":"image\/webp"}],"twitter_card":"summary_large_image","twitter_misc":{"Procijenjeno vrijeme \u010ditanja":"8 minuta"},"schema":{"@context":"https:\/\/schema.org","@graph":[{"@type":"WebPage","@id":"https:\/\/bellen.hr\/hr\/faq\/","url":"https:\/\/bellen.hr\/hr\/faq\/","name":"FAQ - Pula rent a boat","isPartOf":{"@id":"https:\/\/bellen.hr\/hr\/#website"},"primaryImageOfPage":{"@id":"https:\/\/bellen.hr\/hr\/faq\/#primaryimage"},"image":{"@id":"https:\/\/bellen.hr\/hr\/faq\/#primaryimage"},"thumbnailUrl":"https:\/\/bellen.hr\/wp-content\/uploads\/2024\/12\/lilly-pula-rent-a-boat.webp","datePublished":"2024-10-02T11:37:40+00:00","dateModified":"2025-01-23T13:07:38+00:00","breadcrumb":{"@id":"https:\/\/bellen.hr\/hr\/faq\/#breadcrumb"},"inLanguage":"hr","potentialAction":[{"@type":"ReadAction","target":["https:\/\/bellen.hr\/hr\/faq\/"]}]},{"@type":"ImageObject","inLanguage":"hr","@id":"https:\/\/bellen.hr\/hr\/faq\/#primaryimage","url":"https:\/\/bellen.hr\/wp-content\/uploads\/2024\/12\/lilly-pula-rent-a-boat.webp","contentUrl":"https:\/\/bellen.hr\/wp-content\/uploads\/2024\/12\/lilly-pula-rent-a-boat.webp","width":1600,"height":1065},{"@type":"BreadcrumbList","@id":"https:\/\/bellen.hr\/hr\/faq\/#breadcrumb","itemListElement":[{"@type":"ListItem","position":1,"name":"Home","item":"https:\/\/bellen.hr\/hr\/home\/"},{"@type":"ListItem","position":2,"name":"FAQ"}]},{"@type":"WebSite","@id":"https:\/\/bellen.hr\/hr\/#website","url":"https:\/\/bellen.hr\/hr\/","name":"Pula rent a boat","description":"Boat charter rent in Pula","publisher":{"@id":"https:\/\/bellen.hr\/hr\/#organization"},"potentialAction":[{"@type":"SearchAction","target":{"@type":"EntryPoint","urlTemplate":"https:\/\/bellen.hr\/hr\/?s={search_term_string}"},"query-input":{"@type":"PropertyValueSpecification","valueRequired":true,"valueName":"search_term_string"}}],"inLanguage":"hr"},{"@type":["Organization","Place"],"@id":"https:\/\/bellen.hr\/hr\/#organization","name":"Bellen charter","alternateName":"Bellen charter","url":"https:\/\/bellen.hr\/hr\/","logo":{"@id":"https:\/\/bellen.hr\/hr\/faq\/#local-main-organization-logo"},"image":{"@id":"https:\/\/bellen.hr\/hr\/faq\/#local-main-organization-logo"},"telephone":[],"openingHoursSpecification":[{"@type":"OpeningHoursSpecification","dayOfWeek":["Monday","Tuesday","Wednesday","Thursday","Friday","Saturday","Sunday"],"opens":"09:00","closes":"17:00"}]},{"@type":"ImageObject","inLanguage":"hr","@id":"https:\/\/bellen.hr\/hr\/faq\/#local-main-organization-logo","url":"https:\/\/bellen.hr\/wp-content\/uploads\/2026\/01\/Original-Logo.png","contentUrl":"https:\/\/bellen.hr\/wp-content\/uploads\/2026\/01\/Original-Logo.png","width":2229,"height":2033,"caption":"Bellen charter"}]}},"_links":{"self":[{"href":"https:\/\/bellen.hr\/hr\/wp-json\/wp\/v2\/pages\/2148","targetHints":{"allow":["GET"]}}],"collection":[{"href":"https:\/\/bellen.hr\/hr\/wp-json\/wp\/v2\/pages"}],"about":[{"href":"https:\/\/bellen.hr\/hr\/wp-json\/wp\/v2\/types\/page"}],"author":[{"embeddable":true,"href":"https:\/\/bellen.hr\/hr\/wp-json\/wp\/v2\/users\/1"}],"replies":[{"embeddable":true,"href":"https:\/\/bellen.hr\/hr\/wp-json\/wp\/v2\/comments?post=2148"}],"version-history":[{"count":0,"href":"https:\/\/bellen.hr\/hr\/wp-json\/wp\/v2\/pages\/2148\/revisions"}],"wp:featuredmedia":[{"embeddable":true,"href":"https:\/\/bellen.hr\/hr\/wp-json\/wp\/v2\/media\/1821"}],"wp:attachment":[{"href":"https:\/\/bellen.hr\/hr\/wp-json\/wp\/v2\/media?parent=2148"}],"curies":[{"name":"wp","href":"https:\/\/api.w.org\/{rel}","templated":true}]}}