{"id":2007,"date":"2024-10-02T11:38:18","date_gmt":"2024-10-02T11:38:18","guid":{"rendered":"https:\/?page_id=2007"},"modified":"2025-07-23T07:33:56","modified_gmt":"2025-07-23T07:33:56","slug":"o-nama","status":"publish","type":"page","link":"https:\/\/bellen.hr\/hr\/o-nama\/","title":{"rendered":"O nama"},"content":{"rendered":"<p>[et_pb_section fb_built=&#8221;1&#8243; module_class=&#8221;lwp-video-autoplay&#8221; _builder_version=&#8221;4.27.2&#8243; _module_preset=&#8221;default&#8221; background_video_mp4=&#8221;http:\/\/bellen.hr\/wp-content\/uploads\/2024\/10\/bellen-charter-video-homepage.mp4&#8243; height=&#8221;80vh&#8221; height_tablet=&#8221;80vh&#8221; height_phone=&#8221;60vh&#8221; height_last_edited=&#8221;on|phone&#8221; global_colors_info=&#8221;{}&#8221;][et_pb_row make_equal=&#8221;on&#8221; _builder_version=&#8221;4.27.4&#8243; _module_preset=&#8221;default&#8221; positioning=&#8221;absolute&#8221; position_origin_a=&#8221;center_center&#8221; width=&#8221;90%&#8221; max_width=&#8221;1300px&#8221; custom_css_main_element=&#8221;align-items: center;&#8221; global_colors_info=&#8221;{}&#8221;][et_pb_column type=&#8221;4_4&#8243; _builder_version=&#8221;4.27.0&#8243; _module_preset=&#8221;default&#8221; global_colors_info=&#8221;{}&#8221;][et_pb_text module_class=&#8221;pa-heading5-line-both-white&#8221; _builder_version=&#8221;4.27.3&#8243; _module_preset=&#8221;default&#8221; header_5_font=&#8221;Inria Sans||||||||&#8221; header_5_text_align=&#8221;left&#8221; header_5_text_color=&#8221;#FFFFFF&#8221; custom_margin=&#8221;||0px|||&#8221; header_5_font_size_tablet=&#8221;&#8221; header_5_font_size_phone=&#8221;12px&#8221; header_5_font_size_last_edited=&#8221;on|phone&#8221; global_colors_info=&#8221;{}&#8221;]<\/p>\n<h5 style=\"text-align: left;\">POSJETITE NAS<\/h5>\n<p>[\/et_pb_text][et_pb_text _builder_version=&#8221;4.27.3&#8243; _module_preset=&#8221;default&#8221; header_font=&#8221;Inria Serif|300|||||||&#8221; header_text_align=&#8221;center&#8221; header_text_color=&#8221;#FFFFFF&#8221; header_font_size=&#8221;50px&#8221; header_letter_spacing=&#8221;1.2px&#8221; header_line_height=&#8221;1.3em&#8221; custom_margin=&#8221;||10px|||&#8221; header_font_size_tablet=&#8221;50px&#8221; header_font_size_phone=&#8221;35px&#8221; header_font_size_last_edited=&#8221;on|phone&#8221; global_colors_info=&#8221;{}&#8221;]<\/p>\n<h1 style=\"text-align: center;\">Posjetite nas u Marini Polesana u Puli<\/h1>\n<p>[\/et_pb_text][\/et_pb_column][\/et_pb_row][\/et_pb_section][et_pb_section fb_built=&#8221;1&#8243; _builder_version=&#8221;4.27.4&#8243; _module_preset=&#8221;default&#8221; global_colors_info=&#8221;{}&#8221;][et_pb_row column_structure=&#8221;1_2,1_2&#8243; _builder_version=&#8221;4.27.4&#8243; _module_preset=&#8221;default&#8221; width=&#8221;90%&#8221; max_width=&#8221;1300px&#8221; global_colors_info=&#8221;{}&#8221;][et_pb_column type=&#8221;1_2&#8243; _builder_version=&#8221;4.27.4&#8243; _module_preset=&#8221;default&#8221; global_colors_info=&#8221;{}&#8221;][et_pb_text _builder_version=&#8221;4.27.4&#8243; _module_preset=&#8221;default&#8221; text_font=&#8221;Inria Sans|300|||||||&#8221; text_font_size=&#8221;16px&#8221; text_line_height=&#8221;1.8em&#8221; global_colors_info=&#8221;{}&#8221;]<\/p>\n<p>Dobrodo\u0161li u <strong>Bellen Charter<\/strong> , Pula rent a boat agenciju, gdje po\u010dinje va\u0161a avantura na Jadranu! Sa sjedi\u0161tem u prekrasnom obalnom gradu Puli, posve\u0107eni smo pru\u017eanju nezaboravnih iskustava na vodi. S flotom od osam pomno odr\u017eavanih brodova, nudimo savr\u0161eno plovilo za svaku vrstu istra\u017eiva\u010da, bilo da tra\u017eite miran dan na moru ili uzbudljivu avanturu skakanja po otoku.  <\/p>\n<p>Na\u0161a iskusna i <strong>ljubazna posada vam je na raspolaganju u svakom trenutku<\/strong> , osiguravaju\u0107i besprijekorno i ugodno putovanje. Za one koji se vi\u0161e vole opustiti i prepustiti nekom drugom da preuzme kormilo, <strong>nudimo profesionalne skipere<\/strong> koji \u0107e vas sigurno voditi kroz zadivljuju\u0107e vode Jadrana. <\/p>\n<p><strong>Sigurnost je na\u0161 glavni prioritet<\/strong> i poduzimamo sve mjere kako bismo osigurali da va\u0161e putovanje bude sigurno koliko i ugodno. Od rutinskog odr\u017eavanja do pru\u017eanja osnovne sigurnosne opreme, mo\u017eete nam vjerovati da \u0107emo vas i va\u0161e najmilije \u010duvati tijekom va\u0161eg putovanja. <\/p>\n<p>Mi u Bellen Charteru strastveni smo u pru\u017eanju iznimne usluge i stvaranju nezaboravnih trenutaka za na\u0161e klijente. Bez obzira jeste li iskusni jedrili\u010dar ili prvi put kro\u010dite na brod, mi smo tu da va\u0161e vrijeme na vodi u\u010dinimo uistinu posebnim. <\/p>\n<p><strong>Zaplovite s nama i otkrijte \u010dari Jadrana!<\/strong><\/p>\n<p>[\/et_pb_text][\/et_pb_column][et_pb_column type=&#8221;1_2&#8243; _builder_version=&#8221;4.27.4&#8243; _module_preset=&#8221;default&#8221; global_colors_info=&#8221;{}&#8221;][et_pb_code _builder_version=&#8221;4.27.4&#8243; _module_preset=&#8221;default&#8221; global_colors_info=&#8221;{}&#8221;]<\/p>\n<div style=\"width: 100%; max-width: 800px; margin: 20px auto; border: 2px solid #ccc; border-radius: 8px; overflow: hidden; box-shadow: 0 4px 10px rgba(0, 0, 0, 0.1);\"><!-- [et_pb_line_break_holder] -->    <iframe src=\"https:\/\/www.google.com\/maps\/embed?pb=!1m18!1m12!1m3!1d4803.997588582815!2d13.821513177389747!3d44.878981872293274!2m3!1f0!2f0!3f0!3m2!1i1024!2i768!4f13.1!3m3!1m2!1s0x477cd3f1adea9f63%3A0x3faa23fc0e9d842f!2sbellen%20charter%2Crent%20a%20boat!5e1!3m2!1shr!2shr!4v1733991860727!5m2!1shr!2shr\" width=\"100%\" height=\"450\" style=\"border: 0;\" allowfullscreen=\"\" loading=\"lazy\" referrerpolicy=\"no-referrer-when-downgrade\"><!-- [et_pb_line_break_holder] -->    <\/iframe><!-- [et_pb_line_break_holder] --><\/div>\n<p><!-- [et_pb_line_break_holder] -->[\/et_pb_code][\/et_pb_column][\/et_pb_row][\/et_pb_section][et_pb_section fb_built=&#8221;1&#8243; _builder_version=&#8221;4.27.0&#8243; _module_preset=&#8221;default&#8221; background_image=&#8221;http:\/\/bellen.hr\/wp-content\/uploads\/2024\/10\/background-image-home-bellen-2.jpg&#8221; parallax=&#8221;on&#8221; custom_padding=&#8221;5%||5%||true|false&#8221; global_colors_info=&#8221;{}&#8221;][et_pb_row column_structure=&#8221;1_2,1_4,1_4&#8243; _builder_version=&#8221;4.27.4&#8243; _module_preset=&#8221;default&#8221; width=&#8221;90%&#8221; max_width=&#8221;1300px&#8221; custom_css_main_element=&#8221;align-items: center;&#8221; global_colors_info=&#8221;{}&#8221;][et_pb_column type=&#8221;1_2&#8243; _builder_version=&#8221;4.27.0&#8243; _module_preset=&#8221;default&#8221; custom_padding=&#8221;10%||||false|false&#8221; global_colors_info=&#8221;{}&#8221;][et_pb_text _builder_version=&#8221;4.27.2&#8243; _module_preset=&#8221;default&#8221; header_5_font=&#8221;Inria Sans||||||||&#8221; header_5_text_color=&#8221;#FFFFFF&#8221; custom_margin=&#8221;||0px|||&#8221; header_5_font_size_tablet=&#8221;&#8221; header_5_font_size_phone=&#8221;12px&#8221; header_5_font_size_last_edited=&#8221;on|phone&#8221; global_colors_info=&#8221;{}&#8221;]<\/p>\n<h5>ZA\u0160TO ODABRATI BELLEN CHARTER?<\/h5>\n<p>[\/et_pb_text][et_pb_text _builder_version=&#8221;4.27.2&#8243; _module_preset=&#8221;default&#8221; header_font=&#8221;Inria Serif|300|||||||&#8221; header_text_align=&#8221;left&#8221; header_text_color=&#8221;#FFFFFF&#8221; header_font_size=&#8221;50px&#8221; header_letter_spacing=&#8221;1.2px&#8221; header_line_height=&#8221;1.3em&#8221; custom_margin=&#8221;||10px|||&#8221; header_font_size_tablet=&#8221;50px&#8221; header_font_size_phone=&#8221;35px&#8221; header_font_size_last_edited=&#8221;on|phone&#8221; global_colors_info=&#8221;{}&#8221;]<\/p>\n<h1>Mjesto gdje po\u010dinje zabavna avantura<\/h1>\n<p>[\/et_pb_text][\/et_pb_column][et_pb_column type=&#8221;1_4&#8243; _builder_version=&#8221;4.27.0&#8243; _module_preset=&#8221;default&#8221; global_colors_info=&#8221;{}&#8221;][et_pb_image src=&#8221;http:\/\/bellen.hr\/wp-content\/uploads\/2024\/10\/icons8-anchor-64.png&#8221; title_text=&#8221;ikone8-sidro-64&#8243; show_bottom_space=&#8221;off&#8221; _builder_version=&#8221;4.27.2&#8243; _module_preset=&#8221;default&#8221; background_color=&#8221;#0F303F&#8221; width=&#8221;50px&#8221; width_tablet=&#8221;50px&#8221; width_phone=&#8221;40px&#8221; width_last_edited=&#8221;on|phone&#8221; custom_margin=&#8221;||10px||false|false&#8221; custom_padding=&#8221;10px|10px|10px|10px|true|true&#8221; global_colors_info=&#8221;{}&#8221;][\/et_pb_image][et_pb_text _builder_version=&#8221;4.27.0&#8243; _module_preset=&#8221;default&#8221; header_font=&#8221;Inria Serif|300|||||||&#8221; header_text_align=&#8221;left&#8221; header_text_color=&#8221;#0f303f&#8221; header_font_size=&#8221;60px&#8221; header_letter_spacing=&#8221;1.2px&#8221; header_line_height=&#8221;1.3em&#8221; header_4_font=&#8221;Inria Serif|300|||||||&#8221; header_4_text_color=&#8221;#FFFFFF&#8221; header_4_font_size=&#8221;25px&#8221; custom_margin=&#8221;||10px|||&#8221; custom_padding=&#8221;|||0px|false|false&#8221; global_colors_info=&#8221;{}&#8221;]<\/p>\n<h4>\u0160iroki izbor brodova<\/h4>\n<p>[\/et_pb_text][et_pb_text _builder_version=&#8221;4.27.0&#8243; _module_preset=&#8221;default&#8221; text_font=&#8221;Inria Sans||||||||&#8221; text_text_color=&#8221;#FFFFFF&#8221; text_font_size=&#8221;16px&#8221; text_line_height=&#8221;1.8em&#8221; header_line_height=&#8221;1.5em&#8221; header_3_font=&#8221;Inria Sans|300|||||||&#8221; header_3_text_color=&#8221;#FFFFFF&#8221; header_3_font_size=&#8221;16px&#8221; header_3_line_height=&#8221;1.8em&#8221; global_colors_info=&#8221;{}&#8221;]<\/p>\n<p>Nudimo \u0161irok izbor brodova koji odgovaraju va\u0161im potrebama. Bez obzira na va\u0161e planove, prona\u0107i \u0107ete savr\u0161en brod za svoje putovanje. <\/p>\n<p>[\/et_pb_text][et_pb_image src=&#8221;http:\/\/bellen.hr\/wp-content\/uploads\/2024\/10\/icons8-wine-glasses-64.png&#8221; title_text=&#8221;ikone8-\u010da\u0161e-za-vino-64&#8243; show_bottom_space=&#8221;off&#8221; _builder_version=&#8221;4.27.0&#8243; _module_preset=&#8221;default&#8221; background_color=&#8221;#0F303F&#8221; width=&#8221;50px&#8221; width_tablet=&#8221;50px&#8221; width_phone=&#8221;40px&#8221; width_last_edited=&#8221;on|phone&#8221; custom_margin=&#8221;||10px||false|false&#8221; custom_padding=&#8221;10px|10px|10px|10px|true|true&#8221; global_colors_info=&#8221;{}&#8221;][\/et_pb_image][et_pb_text _builder_version=&#8221;4.27.0&#8243; _module_preset=&#8221;default&#8221; header_font=&#8221;Inria Serif|300|||||||&#8221; header_text_align=&#8221;left&#8221; header_text_color=&#8221;#0f303f&#8221; header_font_size=&#8221;60px&#8221; header_letter_spacing=&#8221;1.2px&#8221; header_line_height=&#8221;1.3em&#8221; header_4_font=&#8221;Inria Serif|300|||||||&#8221; header_4_text_color=&#8221;#FFFFFF&#8221; header_4_font_size=&#8221;25px&#8221; custom_margin=&#8221;||10px|||&#8221; custom_padding=&#8221;|||0px|false|false&#8221; global_colors_info=&#8221;{}&#8221;]<\/p>\n<h4>U\u017eivajte u luksuzu<\/h4>\n<p>[\/et_pb_text][et_pb_text _builder_version=&#8221;4.27.0&#8243; _module_preset=&#8221;default&#8221; text_font=&#8221;Inria Sans||||||||&#8221; text_text_color=&#8221;#FFFFFF&#8221; text_font_size=&#8221;16px&#8221; text_line_height=&#8221;1.8em&#8221; header_line_height=&#8221;1.5em&#8221; header_3_font=&#8221;Inria Sans|300|||||||&#8221; header_3_text_color=&#8221;#FFFFFF&#8221; header_3_font_size=&#8221;16px&#8221; header_3_line_height=&#8221;1.8em&#8221; global_colors_info=&#8221;{}&#8221;]<\/p>\n<p>Prepustite se vrhunskom luksuznom iskustvu na na\u0161im brodovima, dizajniranim da vam pru\u017ee udobnost, stil i opu\u0161tanje dok istra\u017eujete Jadran.<\/p>\n<p>[\/et_pb_text][\/et_pb_column][et_pb_column type=&#8221;1_4&#8243; _builder_version=&#8221;4.27.0&#8243; _module_preset=&#8221;default&#8221; global_colors_info=&#8221;{}&#8221;][et_pb_image src=&#8221;http:\/\/bellen.hr\/wp-content\/uploads\/2024\/10\/icons8-persons-64-1.png&#8221; title_text=&#8221;ikone8-osoba-64 (1)&#8221; show_bottom_space=&#8221;off&#8221; _builder_version=&#8221;4.27.0&#8243; _module_preset=&#8221;default&#8221; background_color=&#8221;#0F303F&#8221; width=&#8221;50px&#8221; width_tablet=&#8221;50px&#8221; width_phone=&#8221;40px&#8221; width_last_edited=&#8221;on|phone&#8221; custom_margin=&#8221;||10px||false|false&#8221; custom_padding=&#8221;10px|10px|10px|10px|true|true&#8221; global_colors_info=&#8221;{}&#8221;][\/et_pb_image][et_pb_text _builder_version=&#8221;4.27.0&#8243; _module_preset=&#8221;default&#8221; header_font=&#8221;Inria Serif|300|||||||&#8221; header_text_align=&#8221;left&#8221; header_text_color=&#8221;#0f303f&#8221; header_font_size=&#8221;60px&#8221; header_letter_spacing=&#8221;1.2px&#8221; header_line_height=&#8221;1.3em&#8221; header_4_font=&#8221;Inria Serif|300|||||||&#8221; header_4_text_color=&#8221;#FFFFFF&#8221; header_4_font_size=&#8221;25px&#8221; custom_margin=&#8221;||10px|||&#8221; custom_padding=&#8221;|||0px|false|false&#8221; global_colors_info=&#8221;{}&#8221;]<\/p>\n<h4>Profesionalna ekipa<\/h4>\n<p>[\/et_pb_text][et_pb_text _builder_version=&#8221;4.27.0&#8243; _module_preset=&#8221;default&#8221; text_font=&#8221;Inria Sans||||||||&#8221; text_text_color=&#8221;#FFFFFF&#8221; text_font_size=&#8221;16px&#8221; text_line_height=&#8221;1.8em&#8221; header_line_height=&#8221;1.5em&#8221; header_3_font=&#8221;Inria Sans|300|||||||&#8221; header_3_text_color=&#8221;#FFFFFF&#8221; header_3_font_size=&#8221;16px&#8221; header_3_line_height=&#8221;1.8em&#8221; global_colors_info=&#8221;{}&#8221;]<\/p>\n<p>Na\u0161a iskusna i profesionalna posada posve\u0107ena je osiguravanju va\u0161e sigurnosti i udobnosti tijekom va\u0161eg putovanja.<\/p>\n<p>[\/et_pb_text][et_pb_image src=&#8221;http:\/\/bellen.hr\/wp-content\/uploads\/2024\/10\/icons8-value-64.png&#8221; title_text=&#8221;ikone8-vrijednost-64&#8243; show_bottom_space=&#8221;off&#8221; _builder_version=&#8221;4.27.0&#8243; _module_preset=&#8221;default&#8221; background_color=&#8221;#0F303F&#8221; width=&#8221;50px&#8221; width_tablet=&#8221;50px&#8221; width_phone=&#8221;40px&#8221; width_last_edited=&#8221;on|phone&#8221; custom_margin=&#8221;||10px||false|false&#8221; custom_padding=&#8221;10px|10px|10px|10px|true|true&#8221; global_colors_info=&#8221;{}&#8221;][\/et_pb_image][et_pb_text _builder_version=&#8221;4.27.0&#8243; _module_preset=&#8221;default&#8221; header_font=&#8221;Inria Serif|300|||||||&#8221; header_text_align=&#8221;left&#8221; header_text_color=&#8221;#0f303f&#8221; header_font_size=&#8221;60px&#8221; header_letter_spacing=&#8221;1.2px&#8221; header_line_height=&#8221;1.3em&#8221; header_4_font=&#8221;Inria Serif|300|||||||&#8221; header_4_text_color=&#8221;#FFFFFF&#8221; header_4_font_size=&#8221;25px&#8221; custom_margin=&#8221;||10px|||&#8221; custom_padding=&#8221;|||0px|false|false&#8221; global_colors_info=&#8221;{}&#8221;]<\/p>\n<h4>Konkurentna vrijednost<\/h4>\n<p>[\/et_pb_text][et_pb_text _builder_version=&#8221;4.27.0&#8243; _module_preset=&#8221;default&#8221; text_font=&#8221;Inria Sans||||||||&#8221; text_text_color=&#8221;#FFFFFF&#8221; text_font_size=&#8221;16px&#8221; text_line_height=&#8221;1.8em&#8221; header_line_height=&#8221;1.5em&#8221; header_3_font=&#8221;Inria Sans|300|||||||&#8221; header_3_text_color=&#8221;#FFFFFF&#8221; header_3_font_size=&#8221;16px&#8221; header_3_line_height=&#8221;1.8em&#8221; global_colors_info=&#8221;{}&#8221;]<\/p>\n<p>Do\u017eivite iznimnu vrijednost s na\u0161im \u010darterima brodova, nude\u0107i konkurentne cijene bez kompromisa u kvaliteti ili usluzi.<\/p>\n<p>[\/et_pb_text][\/et_pb_column][\/et_pb_row][\/et_pb_section][et_pb_section fb_built=&#8221;1&#8243; _builder_version=&#8221;4.27.2&#8243; _module_preset=&#8221;default&#8221; background_color=&#8221;#f4f8fb&#8221; custom_padding=&#8221;|0px||||&#8221; global_colors_info=&#8221;{}&#8221;][et_pb_row column_structure=&#8221;1_2,1_2&#8243; make_equal=&#8221;on&#8221; _builder_version=&#8221;4.27.2&#8243; _module_preset=&#8221;default&#8221; width=&#8221;90%&#8221; max_width=&#8221;1300px&#8221; custom_css_main_element=&#8221;align-items:center;&#8221; global_colors_info=&#8221;{}&#8221;][et_pb_column type=&#8221;1_2&#8243; _builder_version=&#8221;4.27.2&#8243; _module_preset=&#8221;default&#8221; global_colors_info=&#8221;{}&#8221;][et_pb_text module_class=&#8221;pa-heading-line-left-blackline&#8221; _builder_version=&#8221;4.27.2&#8243; _module_preset=&#8221;default&#8221; header_5_font=&#8221;Inria Sans|||on|||||&#8221; header_5_text_color=&#8221;#000000&#8243; custom_margin=&#8221;||0px|||&#8221; header_5_font_size_tablet=&#8221;&#8221; header_5_font_size_phone=&#8221;12px&#8221; header_5_font_size_last_edited=&#8221;on|phone&#8221; global_colors_info=&#8221;{}&#8221;]<\/p>\n<h5>Kontaktirajte nas<\/h5>\n<p>[\/et_pb_text][et_pb_text _builder_version=&#8221;4.27.2&#8243; _module_preset=&#8221;default&#8221; header_font=&#8221;Inria Serif|300|||||||&#8221; header_text_align=&#8221;left&#8221; header_text_color=&#8221;#000000&#8243; header_font_size=&#8221;50px&#8221; header_letter_spacing=&#8221;1.2px&#8221; header_line_height=&#8221;1.3em&#8221; custom_margin=&#8221;5%||10px||false|false&#8221; header_font_size_tablet=&#8221;50px&#8221; header_font_size_phone=&#8221;35px&#8221; header_font_size_last_edited=&#8221;on|phone&#8221; global_colors_info=&#8221;{}&#8221;]<\/p>\n<h1>Po\u0161aljite poruku<\/h1>\n<p>[\/et_pb_text][et_pb_text _builder_version=&#8221;4.27.2&#8243; _module_preset=&#8221;default&#8221; text_font=&#8221;Inria Sans||||||||&#8221; text_text_color=&#8221;#000000&#8243; header_line_height=&#8221;1.5em&#8221; header_3_font=&#8221;Inria Sans|300|||||||&#8221; header_3_text_color=&#8221;#000000&#8243; header_3_font_size=&#8221;16px&#8221; header_3_line_height=&#8221;1.8em&#8221; global_colors_info=&#8221;{}&#8221;]<\/p>\n<h3>Imate pitanja ili ste spremni rezervirati svoj brod? Ispunite obrazac i ubrzo \u0107emo vam se javiti kako bismo vam pomogli isplanirati va\u0161u savr\u0161enu avanturu na Jadranu. <\/h3>\n<p>[\/et_pb_text][et_pb_contact_form use_spam_service=&#8221;on&#8221; recaptcha_list=&#8221;Default|Default-0&#8243; _builder_version=&#8221;4.27.4&#8243; _module_preset=&#8221;default&#8221; _unique_id=&#8221;ba0bd629-055e-42e5-b0dc-dd0ab09417c4&#8243; form_field_background_color=&#8221;RGBA(255,255,255,0)&#8221; form_field_font=&#8221;Inria Sans|||on|||||&#8221; form_field_font_size=&#8221;14px&#8221; custom_button=&#8221;on&#8221; button_text_size=&#8221;16px&#8221; button_text_color=&#8221;#FFFFFF&#8221; button_bg_color=&#8221;#000000&#8243; button_border_width=&#8221;0px&#8221; button_border_radius=&#8221;0px&#8221; button_font=&#8221;Inria Sans|||on|||||&#8221; button_use_icon=&#8221;off&#8221; button_custom_padding=&#8221;10px|20px|10px|20px|true|true&#8221; custom_margin=&#8221;5%||||false|false&#8221; hover_enabled=&#8221;0&#8243; border_width_all=&#8221;0.1px&#8221; border_color_all=&#8221;#e2e2e2&#8243; global_colors_info=&#8221;{}&#8221; custom_message=&#8221;Ime: %%Name%% ||et_pb_line_break_holder||Prezime: %%last%% ||et_pb_line_break_holder||E-po\u0161ta: %%Email%% ||et_pb_line_break_holder||Mobitel: %%Telefon%%||et_pb_line_break_holder||Poruka: %%Message%%&#8221; email=&#8221;bellen.charter@gmail.com&#8221; admin_email_subject=&#8221;%%Name%%&#8221; custom_use_redirect=&#8221;on&#8221; custom_redirect_url=&#8221;https:\/thank-you&#8221; sticky_enabled=&#8221;0&#8243;][et_pb_contact_field field_id=&#8221;Name_2&#8243; field_title=&#8221;Ime&#8221; _builder_version=&#8221;4.27.2&#8243; global_colors_info=&#8221;{}&#8221; button_text_size__hover_enabled=&#8221;off&#8221; button_one_text_size__hover_enabled=&#8221;off&#8221; button_two_text_size__hover_enabled=&#8221;off&#8221; button_text_color__hover_enabled=&#8221;off&#8221; button_one_text_color__hover_enabled=&#8221;off&#8221; button_two_text_color__hover_enabled=&#8221;off&#8221; button_border_width__hover_enabled=&#8221;off&#8221; button_one_border_width__hover_enabled=&#8221;off&#8221; button_two_border_width__hover_enabled=&#8221;off&#8221; button_border_color__hover_enabled=&#8221;off&#8221; button_one_border_color__hover_enabled=&#8221;off&#8221; button_two_border_color__hover_enabled=&#8221;off&#8221; button_border_radius__hover_enabled=&#8221;off&#8221; button_one_border_radius__hover_enabled=&#8221;off&#8221; button_two_border_radius__hover_enabled=&#8221;off&#8221; button_letter_spacing__hover_enabled=&#8221;off&#8221; button_one_letter_spacing__hover_enabled=&#8221;off&#8221; button_two_letter_spacing__hover_enabled=&#8221;off&#8221; button_bg_color__hover_enabled=&#8221;off&#8221; button_one_bg_color__hover_enabled=&#8221;off&#8221; button_two_bg_color__hover_enabled=&#8221;off&#8221;][\/et_pb_contact_field][et_pb_contact_field field_id=&#8221;last&#8221; field_title=&#8221;Prezime&#8221; _builder_version=&#8221;4.27.2&#8243; global_colors_info=&#8221;{}&#8221; button_text_size__hover_enabled=&#8221;off&#8221; button_one_text_size__hover_enabled=&#8221;off&#8221; button_two_text_size__hover_enabled=&#8221;off&#8221; button_text_color__hover_enabled=&#8221;off&#8221; button_one_text_color__hover_enabled=&#8221;off&#8221; button_two_text_color__hover_enabled=&#8221;off&#8221; button_border_width__hover_enabled=&#8221;off&#8221; button_one_border_width__hover_enabled=&#8221;off&#8221; button_two_border_width__hover_enabled=&#8221;off&#8221; button_border_color__hover_enabled=&#8221;off&#8221; button_one_border_color__hover_enabled=&#8221;off&#8221; button_two_border_color__hover_enabled=&#8221;off&#8221; button_border_radius__hover_enabled=&#8221;off&#8221; button_one_border_radius__hover_enabled=&#8221;off&#8221; button_two_border_radius__hover_enabled=&#8221;off&#8221; button_letter_spacing__hover_enabled=&#8221;off&#8221; button_one_letter_spacing__hover_enabled=&#8221;off&#8221; button_two_letter_spacing__hover_enabled=&#8221;off&#8221; button_bg_color__hover_enabled=&#8221;off&#8221; button_one_bg_color__hover_enabled=&#8221;off&#8221; button_two_bg_color__hover_enabled=&#8221;off&#8221;][\/et_pb_contact_field][et_pb_contact_field field_id=&#8221;Email&#8221; field_title=&#8221;Va\u0161 Email&#8221; field_type=&#8221;email&#8221; _builder_version=&#8221;4.27.2&#8243; global_colors_info=&#8221;{}&#8221; button_text_size__hover_enabled=&#8221;off&#8221; button_one_text_size__hover_enabled=&#8221;off&#8221; button_two_text_size__hover_enabled=&#8221;off&#8221; button_text_color__hover_enabled=&#8221;off&#8221; button_one_text_color__hover_enabled=&#8221;off&#8221; button_two_text_color__hover_enabled=&#8221;off&#8221; button_border_width__hover_enabled=&#8221;off&#8221; button_one_border_width__hover_enabled=&#8221;off&#8221; button_two_border_width__hover_enabled=&#8221;off&#8221; button_border_color__hover_enabled=&#8221;off&#8221; button_one_border_color__hover_enabled=&#8221;off&#8221; button_two_border_color__hover_enabled=&#8221;off&#8221; button_border_radius__hover_enabled=&#8221;off&#8221; button_one_border_radius__hover_enabled=&#8221;off&#8221; button_two_border_radius__hover_enabled=&#8221;off&#8221; button_letter_spacing__hover_enabled=&#8221;off&#8221; button_one_letter_spacing__hover_enabled=&#8221;off&#8221; button_two_letter_spacing__hover_enabled=&#8221;off&#8221; button_bg_color__hover_enabled=&#8221;off&#8221; button_one_bg_color__hover_enabled=&#8221;off&#8221; button_two_bg_color__hover_enabled=&#8221;off&#8221;][\/et_pb_contact_field][et_pb_contact_field field_id=&#8221;Phone&#8221; field_title=&#8221;Broj telefona&#8221; _builder_version=&#8221;4.27.2&#8243; global_colors_info=&#8221;{}&#8221; button_text_size__hover_enabled=&#8221;off&#8221; button_one_text_size__hover_enabled=&#8221;off&#8221; button_two_text_size__hover_enabled=&#8221;off&#8221; button_text_color__hover_enabled=&#8221;off&#8221; button_one_text_color__hover_enabled=&#8221;off&#8221; button_two_text_color__hover_enabled=&#8221;off&#8221; button_border_width__hover_enabled=&#8221;off&#8221; button_one_border_width__hover_enabled=&#8221;off&#8221; button_two_border_width__hover_enabled=&#8221;off&#8221; button_border_color__hover_enabled=&#8221;off&#8221; button_one_border_color__hover_enabled=&#8221;off&#8221; button_two_border_color__hover_enabled=&#8221;off&#8221; button_border_radius__hover_enabled=&#8221;off&#8221; button_one_border_radius__hover_enabled=&#8221;off&#8221; button_two_border_radius__hover_enabled=&#8221;off&#8221; button_letter_spacing__hover_enabled=&#8221;off&#8221; button_one_letter_spacing__hover_enabled=&#8221;off&#8221; button_two_letter_spacing__hover_enabled=&#8221;off&#8221; button_bg_color__hover_enabled=&#8221;off&#8221; button_one_bg_color__hover_enabled=&#8221;off&#8221; button_two_bg_color__hover_enabled=&#8221;off&#8221;][\/et_pb_contact_field][et_pb_contact_field field_id=&#8221;Message&#8221; field_title=&#8221;Poruka&#8221; field_type=&#8221;text&#8221; fullwidth_field=&#8221;on&#8221; _builder_version=&#8221;4.16&#8243; global_colors_info=&#8221;{}&#8221; button_text_size__hover_enabled=&#8221;off&#8221; button_one_text_size__hover_enabled=&#8221;off&#8221; button_two_text_size__hover_enabled=&#8221;off&#8221; button_text_color__hover_enabled=&#8221;off&#8221; button_one_text_color__hover_enabled=&#8221;off&#8221; button_two_text_color__hover_enabled=&#8221;off&#8221; button_border_width__hover_enabled=&#8221;off&#8221; button_one_border_width__hover_enabled=&#8221;off&#8221; button_two_border_width__hover_enabled=&#8221;off&#8221; button_border_color__hover_enabled=&#8221;off&#8221; button_one_border_color__hover_enabled=&#8221;off&#8221; button_two_border_color__hover_enabled=&#8221;off&#8221; button_border_radius__hover_enabled=&#8221;off&#8221; button_one_border_radius__hover_enabled=&#8221;off&#8221; button_two_border_radius__hover_enabled=&#8221;off&#8221; button_letter_spacing__hover_enabled=&#8221;off&#8221; button_one_letter_spacing__hover_enabled=&#8221;off&#8221; button_two_letter_spacing__hover_enabled=&#8221;off&#8221; button_bg_color__hover_enabled=&#8221;off&#8221; button_one_bg_color__hover_enabled=&#8221;off&#8221; button_two_bg_color__hover_enabled=&#8221;off&#8221;][\/et_pb_contact_field][\/et_pb_contact_form][\/et_pb_column][et_pb_column type=&#8221;1_2&#8243; _builder_version=&#8221;4.27.2&#8243; _module_preset=&#8221;default&#8221; border_width_all=&#8221;1px&#8221; border_color_all=&#8221;rgba(3,76,160,0.15)&#8221; global_colors_info=&#8221;{}&#8221;][et_pb_image src=&#8221;http:\/\/bellen.hr\/wp-content\/uploads\/2024\/10\/bellen-charter-yacht-rent-boat-istria-2.jpg&#8221; title_text=&#8221;bellen-charter-yacht-rent-boat-istria-2&#8243; disabled_on=&#8221;on|on|off&#8221; _builder_version=&#8221;4.27.2&#8243; _module_preset=&#8221;default&#8221; custom_padding=&#8221;10px|10px|10px|10px|true|true&#8221; border_color_all=&#8221;#000000&#8243; global_colors_info=&#8221;{}&#8221;][\/et_pb_image][\/et_pb_column][\/et_pb_row][\/et_pb_section]<\/p>\n","protected":false},"excerpt":{"rendered":"<p>POSJETITE NASPosjetite nas u Marini Polesana u PuliDobrodo\u0161li u Bellen Charter , Pula rent a boat agenciju, gdje po\u010dinje va\u0161a avantura na Jadranu! Sa sjedi\u0161tem u prekrasnom obalnom gradu Puli, posve\u0107eni smo pru\u017eanju nezaboravnih iskustava na vodi. S flotom od osam pomno odr\u017eavanih brodova, nudimo savr\u0161eno plovilo za svaku vrstu istra\u017eiva\u010da, bilo da tra\u017eite miran dan na moru ili uzbudljivu avanturu skakanja po otoku. Na\u0161a iskusna i ljubazna posada vam je na raspolaganju u svakom trenutku , osiguravaju\u0107i besprijekorno i ugodno putovanje. Za one koji se vi\u0161e vole opustiti i prepustiti nekom drugom da preuzme kormilo, nudimo profesionalne skipere koji \u0107e vas sigurno voditi kroz zadivljuju\u0107e vode Jadrana. Sigurnost je na\u0161 glavni prioritet i poduzimamo sve mjere kako bismo osigurali da va\u0161e putovanje bude sigurno koliko i ugodno. Od rutinskog odr\u017eavanja do pru\u017eanja osnovne sigurnosne opreme, mo\u017eete nam vjerovati da \u0107emo vas i va\u0161e najmilije \u010duvati tijekom va\u0161eg putovanja. Mi u Bellen Charteru strastveni smo u pru\u017eanju iznimne usluge i stvaranju nezaboravnih trenutaka za na\u0161e klijente. Bez obzira jeste li iskusni jedrili\u010dar ili prvi put kro\u010dite na brod, mi smo tu da va\u0161e vrijeme na vodi u\u010dinimo uistinu posebnim. Zaplovite s nama i otkrijte \u010dari Jadrana!ZA\u0160TO ODABRATI BELLEN CHARTER?Mjesto gdje [&hellip;]<\/p>\n","protected":false},"author":1,"featured_media":0,"parent":0,"menu_order":0,"comment_status":"closed","ping_status":"closed","template":"","meta":{"_et_pb_use_builder":"on","_et_pb_old_content":"","_et_gb_content_width":"","footnotes":""},"class_list":["post-2007","page","type-page","status-publish","hentry"],"yoast_head":"<!-- This site is optimized with the Yoast SEO Premium plugin v27.4 (Yoast SEO v27.4) - https:\/\/yoast.com\/product\/yoast-seo-premium-wordpress\/ -->\n<title>O nama - Pula rent a boat<\/title>\n<meta name=\"robots\" content=\"index, follow, max-snippet:-1, max-image-preview:large, max-video-preview:-1\" \/>\n<link rel=\"canonical\" href=\"https:\/\/bellen.hr\/hr\/o-nama\/\" \/>\n<meta property=\"og:locale\" content=\"hr_HR\" \/>\n<meta property=\"og:type\" content=\"article\" \/>\n<meta property=\"og:title\" content=\"O nama\" \/>\n<meta property=\"og:description\" content=\"POSJETITE NASPosjetite nas u Marini Polesana u PuliDobrodo\u0161li u Bellen Charter , Pula rent a boat agenciju, gdje po\u010dinje va\u0161a avantura na Jadranu! Sa sjedi\u0161tem u prekrasnom obalnom gradu Puli, posve\u0107eni smo pru\u017eanju nezaboravnih iskustava na vodi. S flotom od osam pomno odr\u017eavanih brodova, nudimo savr\u0161eno plovilo za svaku vrstu istra\u017eiva\u010da, bilo da tra\u017eite miran dan na moru ili uzbudljivu avanturu skakanja po otoku. Na\u0161a iskusna i ljubazna posada vam je na raspolaganju u svakom trenutku , osiguravaju\u0107i besprijekorno i ugodno putovanje. Za one koji se vi\u0161e vole opustiti i prepustiti nekom drugom da preuzme kormilo, nudimo profesionalne skipere koji \u0107e vas sigurno voditi kroz zadivljuju\u0107e vode Jadrana. Sigurnost je na\u0161 glavni prioritet i poduzimamo sve mjere kako bismo osigurali da va\u0161e putovanje bude sigurno koliko i ugodno. Od rutinskog odr\u017eavanja do pru\u017eanja osnovne sigurnosne opreme, mo\u017eete nam vjerovati da \u0107emo vas i va\u0161e najmilije \u010duvati tijekom va\u0161eg putovanja. Mi u Bellen Charteru strastveni smo u pru\u017eanju iznimne usluge i stvaranju nezaboravnih trenutaka za na\u0161e klijente. Bez obzira jeste li iskusni jedrili\u010dar ili prvi put kro\u010dite na brod, mi smo tu da va\u0161e vrijeme na vodi u\u010dinimo uistinu posebnim. Zaplovite s nama i otkrijte \u010dari Jadrana!ZA\u0160TO ODABRATI BELLEN CHARTER?Mjesto gdje [&hellip;]\" \/>\n<meta property=\"og:url\" content=\"https:\/\/bellen.hr\/hr\/o-nama\/\" \/>\n<meta property=\"og:site_name\" content=\"Pula rent a boat\" \/>\n<meta property=\"article:modified_time\" content=\"2025-07-23T07:33:56+00:00\" \/>\n<meta name=\"twitter:card\" content=\"summary_large_image\" \/>\n<meta name=\"twitter:label1\" content=\"Procijenjeno vrijeme \u010ditanja\" \/>\n\t<meta name=\"twitter:data1\" content=\"14 minuta\" \/>\n<script type=\"application\/ld+json\" class=\"yoast-schema-graph\">{\"@context\":\"https:\\\/\\\/schema.org\",\"@graph\":[{\"@type\":\"WebPage\",\"@id\":\"https:\\\/\\\/bellen.hr\\\/hr\\\/o-nama\\\/\",\"url\":\"https:\\\/\\\/bellen.hr\\\/hr\\\/o-nama\\\/\",\"name\":\"O nama - Pula rent a boat\",\"isPartOf\":{\"@id\":\"https:\\\/\\\/bellen.hr\\\/hr\\\/#website\"},\"datePublished\":\"2024-10-02T11:38:18+00:00\",\"dateModified\":\"2025-07-23T07:33:56+00:00\",\"breadcrumb\":{\"@id\":\"https:\\\/\\\/bellen.hr\\\/hr\\\/o-nama\\\/#breadcrumb\"},\"inLanguage\":\"hr\",\"potentialAction\":[{\"@type\":\"ReadAction\",\"target\":[\"https:\\\/\\\/bellen.hr\\\/hr\\\/o-nama\\\/\"]}]},{\"@type\":\"BreadcrumbList\",\"@id\":\"https:\\\/\\\/bellen.hr\\\/hr\\\/o-nama\\\/#breadcrumb\",\"itemListElement\":[{\"@type\":\"ListItem\",\"position\":1,\"name\":\"Home\",\"item\":\"https:\\\/\\\/bellen.hr\\\/hr\\\/home\\\/\"},{\"@type\":\"ListItem\",\"position\":2,\"name\":\"O nama\"}]},{\"@type\":\"WebSite\",\"@id\":\"https:\\\/\\\/bellen.hr\\\/hr\\\/#website\",\"url\":\"https:\\\/\\\/bellen.hr\\\/hr\\\/\",\"name\":\"Pula rent a boat\",\"description\":\"Boat charter rent in Pula\",\"publisher\":{\"@id\":\"https:\\\/\\\/bellen.hr\\\/hr\\\/#organization\"},\"potentialAction\":[{\"@type\":\"SearchAction\",\"target\":{\"@type\":\"EntryPoint\",\"urlTemplate\":\"https:\\\/\\\/bellen.hr\\\/hr\\\/?s={search_term_string}\"},\"query-input\":{\"@type\":\"PropertyValueSpecification\",\"valueRequired\":true,\"valueName\":\"search_term_string\"}}],\"inLanguage\":\"hr\"},{\"@type\":[\"Organization\",\"Place\"],\"@id\":\"https:\\\/\\\/bellen.hr\\\/hr\\\/#organization\",\"name\":\"Bellen charter\",\"alternateName\":\"Bellen charter\",\"url\":\"https:\\\/\\\/bellen.hr\\\/hr\\\/\",\"logo\":{\"@id\":\"https:\\\/\\\/bellen.hr\\\/hr\\\/o-nama\\\/#local-main-organization-logo\"},\"image\":{\"@id\":\"https:\\\/\\\/bellen.hr\\\/hr\\\/o-nama\\\/#local-main-organization-logo\"},\"telephone\":[],\"openingHoursSpecification\":[{\"@type\":\"OpeningHoursSpecification\",\"dayOfWeek\":[\"Monday\",\"Tuesday\",\"Wednesday\",\"Thursday\",\"Friday\",\"Saturday\",\"Sunday\"],\"opens\":\"09:00\",\"closes\":\"17:00\"}]},{\"@type\":\"ImageObject\",\"inLanguage\":\"hr\",\"@id\":\"https:\\\/\\\/bellen.hr\\\/hr\\\/o-nama\\\/#local-main-organization-logo\",\"url\":\"https:\\\/\\\/bellen.hr\\\/wp-content\\\/uploads\\\/2026\\\/01\\\/Original-Logo.png\",\"contentUrl\":\"https:\\\/\\\/bellen.hr\\\/wp-content\\\/uploads\\\/2026\\\/01\\\/Original-Logo.png\",\"width\":2229,\"height\":2033,\"caption\":\"Bellen charter\"}]}<\/script>\n<!-- \/ Yoast SEO Premium plugin. -->","yoast_head_json":{"title":"O nama - Pula rent a boat","robots":{"index":"index","follow":"follow","max-snippet":"max-snippet:-1","max-image-preview":"max-image-preview:large","max-video-preview":"max-video-preview:-1"},"canonical":"https:\/\/bellen.hr\/hr\/o-nama\/","og_locale":"hr_HR","og_type":"article","og_title":"O nama","og_description":"POSJETITE NASPosjetite nas u Marini Polesana u PuliDobrodo\u0161li u Bellen Charter , Pula rent a boat agenciju, gdje po\u010dinje va\u0161a avantura na Jadranu! Sa sjedi\u0161tem u prekrasnom obalnom gradu Puli, posve\u0107eni smo pru\u017eanju nezaboravnih iskustava na vodi. S flotom od osam pomno odr\u017eavanih brodova, nudimo savr\u0161eno plovilo za svaku vrstu istra\u017eiva\u010da, bilo da tra\u017eite miran dan na moru ili uzbudljivu avanturu skakanja po otoku. Na\u0161a iskusna i ljubazna posada vam je na raspolaganju u svakom trenutku , osiguravaju\u0107i besprijekorno i ugodno putovanje. Za one koji se vi\u0161e vole opustiti i prepustiti nekom drugom da preuzme kormilo, nudimo profesionalne skipere koji \u0107e vas sigurno voditi kroz zadivljuju\u0107e vode Jadrana. Sigurnost je na\u0161 glavni prioritet i poduzimamo sve mjere kako bismo osigurali da va\u0161e putovanje bude sigurno koliko i ugodno. Od rutinskog odr\u017eavanja do pru\u017eanja osnovne sigurnosne opreme, mo\u017eete nam vjerovati da \u0107emo vas i va\u0161e najmilije \u010duvati tijekom va\u0161eg putovanja. Mi u Bellen Charteru strastveni smo u pru\u017eanju iznimne usluge i stvaranju nezaboravnih trenutaka za na\u0161e klijente. Bez obzira jeste li iskusni jedrili\u010dar ili prvi put kro\u010dite na brod, mi smo tu da va\u0161e vrijeme na vodi u\u010dinimo uistinu posebnim. Zaplovite s nama i otkrijte \u010dari Jadrana!ZA\u0160TO ODABRATI BELLEN CHARTER?Mjesto gdje [&hellip;]","og_url":"https:\/\/bellen.hr\/hr\/o-nama\/","og_site_name":"Pula rent a boat","article_modified_time":"2025-07-23T07:33:56+00:00","twitter_card":"summary_large_image","twitter_misc":{"Procijenjeno vrijeme \u010ditanja":"14 minuta"},"schema":{"@context":"https:\/\/schema.org","@graph":[{"@type":"WebPage","@id":"https:\/\/bellen.hr\/hr\/o-nama\/","url":"https:\/\/bellen.hr\/hr\/o-nama\/","name":"O nama - Pula rent a boat","isPartOf":{"@id":"https:\/\/bellen.hr\/hr\/#website"},"datePublished":"2024-10-02T11:38:18+00:00","dateModified":"2025-07-23T07:33:56+00:00","breadcrumb":{"@id":"https:\/\/bellen.hr\/hr\/o-nama\/#breadcrumb"},"inLanguage":"hr","potentialAction":[{"@type":"ReadAction","target":["https:\/\/bellen.hr\/hr\/o-nama\/"]}]},{"@type":"BreadcrumbList","@id":"https:\/\/bellen.hr\/hr\/o-nama\/#breadcrumb","itemListElement":[{"@type":"ListItem","position":1,"name":"Home","item":"https:\/\/bellen.hr\/hr\/home\/"},{"@type":"ListItem","position":2,"name":"O nama"}]},{"@type":"WebSite","@id":"https:\/\/bellen.hr\/hr\/#website","url":"https:\/\/bellen.hr\/hr\/","name":"Pula rent a boat","description":"Boat charter rent in Pula","publisher":{"@id":"https:\/\/bellen.hr\/hr\/#organization"},"potentialAction":[{"@type":"SearchAction","target":{"@type":"EntryPoint","urlTemplate":"https:\/\/bellen.hr\/hr\/?s={search_term_string}"},"query-input":{"@type":"PropertyValueSpecification","valueRequired":true,"valueName":"search_term_string"}}],"inLanguage":"hr"},{"@type":["Organization","Place"],"@id":"https:\/\/bellen.hr\/hr\/#organization","name":"Bellen charter","alternateName":"Bellen charter","url":"https:\/\/bellen.hr\/hr\/","logo":{"@id":"https:\/\/bellen.hr\/hr\/o-nama\/#local-main-organization-logo"},"image":{"@id":"https:\/\/bellen.hr\/hr\/o-nama\/#local-main-organization-logo"},"telephone":[],"openingHoursSpecification":[{"@type":"OpeningHoursSpecification","dayOfWeek":["Monday","Tuesday","Wednesday","Thursday","Friday","Saturday","Sunday"],"opens":"09:00","closes":"17:00"}]},{"@type":"ImageObject","inLanguage":"hr","@id":"https:\/\/bellen.hr\/hr\/o-nama\/#local-main-organization-logo","url":"https:\/\/bellen.hr\/wp-content\/uploads\/2026\/01\/Original-Logo.png","contentUrl":"https:\/\/bellen.hr\/wp-content\/uploads\/2026\/01\/Original-Logo.png","width":2229,"height":2033,"caption":"Bellen charter"}]}},"_links":{"self":[{"href":"https:\/\/bellen.hr\/hr\/wp-json\/wp\/v2\/pages\/2007","targetHints":{"allow":["GET"]}}],"collection":[{"href":"https:\/\/bellen.hr\/hr\/wp-json\/wp\/v2\/pages"}],"about":[{"href":"https:\/\/bellen.hr\/hr\/wp-json\/wp\/v2\/types\/page"}],"author":[{"embeddable":true,"href":"https:\/\/bellen.hr\/hr\/wp-json\/wp\/v2\/users\/1"}],"replies":[{"embeddable":true,"href":"https:\/\/bellen.hr\/hr\/wp-json\/wp\/v2\/comments?post=2007"}],"version-history":[{"count":3,"href":"https:\/\/bellen.hr\/hr\/wp-json\/wp\/v2\/pages\/2007\/revisions"}],"predecessor-version":[{"id":7065,"href":"https:\/\/bellen.hr\/hr\/wp-json\/wp\/v2\/pages\/2007\/revisions\/7065"}],"wp:attachment":[{"href":"https:\/\/bellen.hr\/hr\/wp-json\/wp\/v2\/media?parent=2007"}],"curies":[{"name":"wp","href":"https:\/\/api.w.org\/{rel}","templated":true}]}}