{"id":2151,"date":"2024-10-02T11:37:40","date_gmt":"2024-10-02T11:37:40","guid":{"rendered":"https:\/faq\/"},"modified":"2024-12-12T12:31:00","modified_gmt":"2024-12-12T12:31:00","slug":"faq","status":"publish","type":"page","link":"https:\/\/bellen.hr\/de\/faq\/","title":{"rendered":"FAQ"},"content":{"rendered":"<p>[et_pb_section fb_built=&#8220;1&#8243; _builder_version=&#8220;4.27.3&#8243; _module_preset=&#8220;default&#8220; background_color=&#8220;#f4f8fb&#8220; use_background_color_gradient=&#8220;on&#8220; background_color_gradient_stops=&#8220;rgba(15,33,43,0.97) 1%|rgba(15,33,43,0.24) 100%&#8220; background_color_gradient_overlays_image=&#8220;on&#8220; background_image=&#8220;http:\/\/bellen.hr\/wp-content\/uploads\/2024\/11\/rent-a-boat-pula-charter-bellen.jpg&#8220; height_tablet=&#8220;auto&#8220; height_phone=&#8220;auto&#8220; height_last_edited=&#8220;on|tablet&#8220; custom_padding=&#8220;|0px||||&#8220; hover_enabled=&#8220;0&#8243; global_colors_info=&#8220;{}&#8220; sticky_enabled=&#8220;0&#8243;][et_pb_row column_structure=&#8220;1_3,1_3,1_3&#8243; use_custom_gutter=&#8220;on&#8220; gutter_width=&#8220;2&#8243; custom_padding_last_edited=&#8220;on|phone&#8220; _builder_version=&#8220;4.27.3&#8243; _module_preset=&#8220;default&#8220; positioning=&#8220;none&#8220; position_origin_a=&#8220;center_center&#8220; width=&#8220;90%&#8220; max_width=&#8220;80%&#8220; custom_padding=&#8220;||50px||false|false&#8220; custom_padding_tablet=&#8220;||50px||false|false&#8220; custom_padding_phone=&#8220;||0px||false|false&#8220; hover_enabled=&#8220;0&#8243; custom_css_main_element=&#8220;align-items: center;&#8220; global_colors_info=&#8220;{}&#8220; custom_margin=&#8220;5%||||false|false&#8220; sticky_enabled=&#8220;0&#8243;][et_pb_column type=&#8220;1_3&#8243; _builder_version=&#8220;4.22.1&#8243; _module_preset=&#8220;default&#8220; scroll_fade_enable=&#8220;on&#8220; scroll_fade=&#8220;0|50|50|100|50%|100%|100%&#8220; scroll_scaling=&#8220;0|30|30|60|90%|100|90%&#8220; motion_trigger_start=&#8220;top&#8220; global_colors_info=&#8220;{}&#8220;][et_pb_text _builder_version=&#8220;4.27.3&#8243; _module_preset=&#8220;default&#8220; header_font=&#8220;Inria Serif|300|||||||&#8220; header_text_align=&#8220;left&#8220; header_text_color=&#8220;#FFFFFF&#8220; header_font_size=&#8220;50px&#8220; header_letter_spacing=&#8220;1.2px&#8220; header_line_height=&#8220;1.3em&#8220; custom_margin=&#8220;5%||10px||false|false&#8220; header_font_size_tablet=&#8220;50px&#8220; header_font_size_phone=&#8220;35px&#8220; header_font_size_last_edited=&#8220;on|phone&#8220; global_colors_info=&#8220;{}&#8220;]<\/p>\n<h1>FAQ<\/h1>\n<p>[\/et_pb_text][et_pb_text _builder_version=&#8220;4.27.3&#8243; _module_preset=&#8220;default&#8220; text_font=&#8220;Inria Sans||||||||&#8220; text_text_color=&#8220;#000000&#8243; header_line_height=&#8220;1.5em&#8220; header_2_font=&#8220;Inria Sans|300|||||||&#8220; header_2_text_color=&#8220;#FFFFFF&#8220; header_2_font_size=&#8220;22px&#8220; header_3_font=&#8220;Inria Sans|300|||||||&#8220; header_3_text_color=&#8220;#FFFFFF&#8220; header_3_font_size=&#8220;16px&#8220; header_3_line_height=&#8220;1.8em&#8220; global_colors_info=&#8220;{}&#8220;]<\/p>\n<h3><span>Haben Sie weitere Fragen? Wir sind f\u00fcr Sie da! Wenn Sie zus\u00e4tzliche Informationen ben\u00f6tigen oder spezielle W\u00fcnsche haben, z\u00f6gern Sie nicht, sich an uns zu wenden. Unser Team setzt sich daf\u00fcr ein, dass Sie alles haben, was Sie f\u00fcr eine reibungslose und unvergessliche Erfahrung an der Adria brauchen. Lassen Sie uns Ihnen helfen, Ihre perfekte Reise zu planen!    <\/span><\/h3>\n<p>[\/et_pb_text][dsm_icon_list icon_color=&#8220;#FFFFFF&#8220; icon_background_color=&#8220;#0f212b&#8220; icon_padding=&#8220;10px&#8220; icon_font_size=&#8220;16px&#8220; list_space_between=&#8220;5px&#8220; _builder_version=&#8220;4.27.3&#8243; _module_preset=&#8220;default&#8220; text_font=&#8220;Inria Sans||||||||&#8220; text_text_color=&#8220;#FFFFFF&#8220; text_font_size=&#8220;16px&#8220; border_radii_icon=&#8220;on|100px|100px|100px|100px&#8220; border_width_all_icon=&#8220;0.5px&#8220; border_color_all_icon=&#8220;#FFFFFF&#8220; global_colors_info=&#8220;{}&#8220;][dsm_icon_list_child text=&#8220;Rufen Sie uns an: +385 98 9767 054&#8243; font_icon=&#8220;&#xe090;||divi||400&#8243; url=&#8220;tel:+385989767054&#8243; _builder_version=&#8220;4.27.3&#8243; _module_preset=&#8220;default&#8220; global_colors_info=&#8220;{}&#8220;][\/dsm_icon_list_child][dsm_icon_list_child text=&#8220;E-Mail: info@&#8220; font_icon=&#8220;&#xe010;||divi||400&#8243; url=&#8220;mailto:info@&#8220; _builder_version=&#8220;4.27.3&#8243; _module_preset=&#8220;default&#8220; global_colors_info=&#8220;{}&#8220;][\/dsm_icon_list_child][\/dsm_icon_list][\/et_pb_column][et_pb_column type=&#8220;1_3&#8243; _builder_version=&#8220;4.22.1&#8243; _module_preset=&#8220;default&#8220; scroll_fade_enable=&#8220;on&#8220; scroll_fade=&#8220;0|50|50|100|50%|100%|100%&#8220; scroll_scaling=&#8220;0|30|30|60|90%|100|90%&#8220; motion_trigger_start=&#8220;top&#8220; global_colors_info=&#8220;{}&#8220;][dsm_faq dsm_open_font_icon=&#8220;&#x21;||divi||400&#8243; dsm_close_font_icon=&#8220;&#x22;||divi||400&#8243; dsm_open_icon_bg_color=&#8220;#0F303F&#8220; dsm_open_icon_color=&#8220;#FFFFFF&#8220; dsm_open_icon_padding=&#8220;5px|5px|5px|5px|true|true&#8220; dsm_close_icon_bg_color=&#8220;#FFFFFF&#8220; dsm_close_icon_color=&#8220;#0f303f&#8220; dsm_close_icon_padding=&#8220;5px|5px|5px|5px|true|true&#8220; dsm_close_font_size=&#8220;16px&#8220; dsm_content_margin=&#8220;20px||||false|false&#8220; dsm_content_padding=&#8220;|||30px|false|false&#8220; _builder_version=&#8220;4.27.3&#8243; _module_preset=&#8220;default&#8220; header_font=&#8220;Inria Sans||||||||&#8220; header_text_color=&#8220;#0f303f&#8220; header_font_size=&#8220;14px&#8220; closed_header_font=&#8220;Inria Serif|||on|||||&#8220; closed_header_text_color=&#8220;#0f303f&#8220; content_font=&#8220;Inria Sans||||||||&#8220; content_text_align=&#8220;justify&#8220; border_radii_dsm_icon_open_border=&#8220;on|50px|50px|50px|50px&#8220; border_radii_dsm_icon_close_border=&#8220;on|50px|50px|50px|50px&#8220; global_colors_info=&#8220;{}&#8220;][dsm_faq_child dsm_title=&#8220;Abholort&#8220; dsm_content=&#8220;<\/p>\n<p><strong>Wo kann ich das Boot abholen?<\/strong><br \/><span>Die Boote k\u00f6nnen Sie abholen bei <\/span><strong>Marina Polesana, Ulica Valelunga 90, 52100 Pula<\/strong><span>.<\/span><\/p>\n<p>&#8220; _builder_version=&#8220;4.27.3&#8243; _module_preset=&#8220;default&#8220; content_font=&#8220;Inria Sans||||||||&#8220; content_font_size=&#8220;14px&#8220; global_colors_info=&#8220;{}&#8220; parentOrderClass=&#8220;dsm_faq_0&#8243;][\/dsm_faq_child][dsm_faq_child dsm_title=&#8220;Check-in und Check-out Zeiten&#8220; dsm_content=&#8220;<\/p>\n<p><strong>Wie sind die Check-in und Check-out Zeiten?<\/strong><\/p>\n<ul>\n<li><strong>Einchecken<\/strong>: 9:00 AM<\/li>\n<li><strong>Check-out<\/strong>: 18:00 Uhr<\/li>\n<\/ul>\n<p>&#8220; _builder_version=&#8220;4.27.3&#8243; _module_preset=&#8220;default&#8220; global_colors_info=&#8220;{}&#8220; parentOrderClass=&#8220;dsm_faq_0&#8243;][\/dsm_faq_child][dsm_faq_child dsm_title=&#8220;Was ist im Mietpreis inbegriffen?&#8220; dsm_content=&#8220;<\/p>\n<p>Der Mietpreis beinhaltet:<\/p>\n<ul>\n<li>Boot mieten<\/li>\n<li>Umfassende Versicherung f\u00fcr das Boot und die Crew<\/li>\n<li>Sicherheitsausr\u00fcstung<\/li>\n<li>Grundlegende operative Ausr\u00fcstung f\u00fcr die Navigation<\/li>\n<\/ul>\n<p>&#8220; _builder_version=&#8220;4.27.3&#8243; _module_preset=&#8220;default&#8220; global_colors_info=&#8220;{}&#8220; parentOrderClass=&#8220;dsm_faq_0&#8243;][\/dsm_faq_child][dsm_faq_child dsm_title=&#8220;Was ist nicht im Mietpreis inbegriffen?&#8220; dsm_content=&#8220;<\/p>\n<p>Die folgenden Leistungen sind nicht enthalten:<\/p>\n<ul>\n<li>Kraftstoff<\/li>\n<li>Geb\u00fchren f\u00fcr andere Yachth\u00e4fen<\/li>\n<\/ul>\n<p><span style=%22font-weight: 400;%22>Wenn Sie gesundheitliche Bedenken haben und bestimmte Artikel oder Medikamente an Bord ben\u00f6tigen, z\u00f6gern Sie bitte nicht, uns zu kontaktieren. Unser Team ist f\u00fcr Sie da, um auf Ihre Bed\u00fcrfnisse einzugehen und Ihren Komfort und Ihre Sicherheit w\u00e4hrend Ihrer Reise zu gew\u00e4hrleisten. Wir wissen, dass jeder Passagier einzigartig ist und m\u00f6glicherweise andere Vorkehrungen ben\u00f6tigt. Wir bitten Sie daher, uns im Voraus zu informieren, damit wir die notwendigen Vorkehrungen treffen k\u00f6nnen. Unser Ziel ist es, allen unseren Passagieren eine positive und stressfreie Reiseerfahrung zu bieten.   <\/span><\/p>\n<p>&#8220; _builder_version=&#8220;4.27.3&#8243; _module_preset=&#8220;default&#8220; global_colors_info=&#8220;{}&#8220; parentOrderClass=&#8220;dsm_faq_0&#8243;][\/dsm_faq_child][dsm_faq_child dsm_title=&#8220;Lizenz-Anforderungen&#8220; dsm_content=&#8220;<\/p>\n<p><strong>Brauche ich einen F\u00fchrerschein, um das Boot zu fahren?<\/strong><br \/>Ja, das brauchen Sie:<\/p>\n<ul>\n<li>Eine g\u00fcltige Skipper-Lizenz (Kategorie C)<\/li>\n<li>ODER einen g\u00fcltigen Bootsf\u00fchrerschein (Kategorie B)<\/li>\n<\/ul>\n<p>&#8220; _builder_version=&#8220;4.27.3&#8243; _module_preset=&#8220;default&#8220; global_colors_info=&#8220;{}&#8220; parentOrderClass=&#8220;dsm_faq_0&#8243;][\/dsm_faq_child][dsm_faq_child dsm_title=&#8220;Was ist, wenn ich keinen g\u00fcltigen F\u00fchrerschein habe?&#8220; dsm_content=&#8220;<\/p>\n<p><span>Wenn Sie keinen g\u00fcltigen Bootsf\u00fchrerschein haben, k\u00f6nnen wir Ihnen einen professionellen Skipper zur Seite stellen, der das Boot f\u00fcr Sie steuert und Ihnen ein stressfreies und entspanntes Erlebnis garantiert.<\/span><\/p>\n<p>&#8220; _builder_version=&#8220;4.27.3&#8243; _module_preset=&#8220;default&#8220; global_colors_info=&#8220;{}&#8220; parentOrderClass=&#8220;dsm_faq_0&#8243;][\/dsm_faq_child][dsm_faq_child dsm_title=&#8220;Sicherheitsausr\u00fcstung&#8220; dsm_content=&#8220;<\/p>\n<p><strong>Welche Sicherheitsausr\u00fcstung ist enthalten?<\/strong><br \/>Die Boote sind komplett ausgestattet mit:<\/p>\n<ul>\n<li>Schwimmwesten<\/li>\n<li>Rettungsringe<\/li>\n<li>Leuchtraketen und Signalraketen<\/li>\n<li>Erste-Hilfe-Kasten<\/li>\n<li>Taschenlampen<\/li>\n<li>Feuerl\u00f6scher<\/li>\n<\/ul>\n<p>&#8220; _builder_version=&#8220;4.27.3&#8243; _module_preset=&#8220;default&#8220; global_colors_info=&#8220;{}&#8220; parentOrderClass=&#8220;dsm_faq_0&#8243;][\/dsm_faq_child][\/dsm_faq][\/et_pb_column][et_pb_column type=&#8220;1_3&#8243; _builder_version=&#8220;4.22.1&#8243; _module_preset=&#8220;default&#8220; scroll_fade_enable=&#8220;on&#8220; scroll_fade=&#8220;0|50|50|100|50%|100%|100%&#8220; scroll_scaling=&#8220;0|30|30|60|90%|100|90%&#8220; motion_trigger_start=&#8220;top&#8220; global_colors_info=&#8220;{}&#8220;][dsm_faq dsm_open_font_icon=&#8220;&#x21;||divi||400&#8243; dsm_close_font_icon=&#8220;&#x22;||divi||400&#8243; dsm_open_icon_bg_color=&#8220;#0F303F&#8220; dsm_open_icon_color=&#8220;#FFFFFF&#8220; dsm_open_icon_padding=&#8220;5px|5px|5px|5px|true|true&#8220; dsm_close_icon_bg_color=&#8220;#FFFFFF&#8220; dsm_close_icon_color=&#8220;#0f303f&#8220; dsm_close_icon_padding=&#8220;5px|5px|5px|5px|true|true&#8220; dsm_close_font_size=&#8220;16px&#8220; dsm_content_margin=&#8220;20px||||false|false&#8220; dsm_content_padding=&#8220;|||30px|false|false&#8220; _builder_version=&#8220;4.27.3&#8243; _module_preset=&#8220;default&#8220; header_font=&#8220;Inria Sans||||||||&#8220; header_text_color=&#8220;#0f303f&#8220; header_font_size=&#8220;14px&#8220; closed_header_font=&#8220;Inria Serif|||on|||||&#8220; closed_header_text_color=&#8220;#0f303f&#8220; content_font=&#8220;Inria Sans||||||||&#8220; content_text_align=&#8220;justify&#8220; border_radii_dsm_icon_open_border=&#8220;on|50px|50px|50px|50px&#8220; border_radii_dsm_icon_close_border=&#8220;on|50px|50px|50px|50px&#8220; global_colors_info=&#8220;{}&#8220;][dsm_faq_child dsm_title=&#8220;Optionen f\u00fcr die Mietdauer&#8220; dsm_content=&#8220;<\/p>\n<p><strong>Kann ich das Boot auch f\u00fcr einen einzigen Tag mieten?<\/strong><br \/><span>Ja, Bellen Charter bietet sowohl <\/span><strong>eint\u00e4gige<\/strong><span> und <\/span><strong>mehrt\u00e4gige<\/strong><span> Mietoptionen an.<\/span><\/p>\n<p>&#8220; _builder_version=&#8220;4.27.3&#8243; _module_preset=&#8220;default&#8220; global_colors_info=&#8220;{}&#8220; parentOrderClass=&#8220;dsm_faq_1&#8243;][\/dsm_faq_child][dsm_faq_child dsm_title=&#8220;Kaution&#8220; dsm_content=&#8220;<\/p>\n<p><strong>Wof\u00fcr wird die Kaution verwendet?<\/strong><br \/>Eine Kaution ist vor der Abholung des Bootes zu hinterlegen und dient als Versicherung gegen Sch\u00e4den, die durch Fahrl\u00e4ssigkeit entstehen.<\/p>\n<p><strong>Welche Arten von Sch\u00e4den sind durch die Kaution abgedeckt?<\/strong><br \/>Beispiele hierf\u00fcr sind:<\/p>\n<ul>\n<li>Besch\u00e4digte M\u00f6bel<\/li>\n<li>Verbrannte oder verlorene Kissen<\/li>\n<li>Verstopfte Toiletten<\/li>\n<li>Kratzer oder Sch\u00e4den an der Au\u00dfenseite des Bootes, an Kunststoffteilen oder Teakholzoberfl\u00e4chen<\/li>\n<\/ul>\n<p>&#8220; _builder_version=&#8220;4.27.3&#8243; _module_preset=&#8220;default&#8220; global_colors_info=&#8220;{}&#8220; parentOrderClass=&#8220;dsm_faq_1&#8243;][\/dsm_faq_child][dsm_faq_child dsm_title=&#8220;Welche Arten von Sch\u00e4den sind NICHT durch die Kaution abgedeckt?&#8220; dsm_content=&#8220;<\/p>\n<p><span>Fehlfunktionen des Motors oder Probleme mit mechanischen Teilen, elektrischen Systemen oder Wassersystemen werden nicht von der Kaution abgezogen.<\/span><\/p>\n<p>&#8220; _builder_version=&#8220;4.27.3&#8243; _module_preset=&#8220;default&#8220; global_colors_info=&#8220;{}&#8220; parentOrderClass=&#8220;dsm_faq_1&#8243;][\/dsm_faq_child][dsm_faq_child dsm_title=&#8220;Welche Gegenst\u00e4nde sind auf dem Boot vorhanden?&#8220; dsm_content=&#8220;<\/p>\n<p>Alle Boote sind ausgestattet mit:<\/p>\n<ul>\n<li>Bettzeug, Kissen und Bettdecken<\/li>\n<li>Kleine und gro\u00dfe Handt\u00fccher<\/li>\n<li>K\u00fcchenutensilien<\/li>\n<li>Handseife und Toilettenpapier<\/li>\n<li>Sicherheitsausr\u00fcstung<\/li>\n<\/ul>\n<p>&#8220; _builder_version=&#8220;4.27.3&#8243; _module_preset=&#8220;default&#8220; global_colors_info=&#8220;{}&#8220; parentOrderClass=&#8220;dsm_faq_1&#8243;][\/dsm_faq_child][dsm_faq_child dsm_title=&#8220;Was sollte ich mitbringen?&#8220; dsm_content=&#8220;<\/p>\n<p>G\u00e4ste sollten pers\u00f6nliche Gegenst\u00e4nde mitbringen, wie zum Beispiel:<\/p>\n<ul>\n<li>Kleidung und Schuhwerk<\/li>\n<li>Minimale Lebensmittelvorr\u00e4te (das Boot hat nur begrenzten Stauraum)<\/li>\n<\/ul>\n<p>&#8220; _builder_version=&#8220;4.27.3&#8243; _module_preset=&#8220;default&#8220; global_colors_info=&#8220;{}&#8220; parentOrderClass=&#8220;dsm_faq_1&#8243;][\/dsm_faq_child][dsm_faq_child dsm_title=&#8220;Gibt es irgendwelche Beschr\u00e4nkungen, was ich mitbringen darf?&#8220; dsm_content=&#8220;<\/p>\n<p><span>Ja, bitte vermeiden Sie es, zu viel einzupacken, da der Platz an Bord begrenzt ist. Der K\u00fchlschrank an Bord ist klein und das Gefrierfach sehr begrenzt. Halten Sie das Deck frei, damit Sie sich in Notf\u00e4llen leicht bewegen k\u00f6nnen.  <\/span><\/p>\n<p>&#8220; _builder_version=&#8220;4.27.3&#8243; _module_preset=&#8220;default&#8220; global_colors_info=&#8220;{}&#8220; parentOrderClass=&#8220;dsm_faq_1&#8243;][\/dsm_faq_child][\/dsm_faq][\/et_pb_column][\/et_pb_row][\/et_pb_section]<\/p>\n","protected":false},"excerpt":{"rendered":"<p>FAQHaben Sie weitere Fragen? Wir sind f\u00fcr Sie da! Wenn Sie zus\u00e4tzliche Informationen ben\u00f6tigen oder spezielle W\u00fcnsche haben, z\u00f6gern Sie nicht, sich an uns zu wenden. Unser Team setzt sich daf\u00fcr ein, dass Sie alles haben, was Sie f\u00fcr eine reibungslose und unvergessliche Erfahrung an der Adria brauchen. Lassen Sie uns Ihnen helfen, Ihre perfekte Reise zu planen! <div class=\"et_pb_with_border et_pb_module dsm_icon_list dsm_icon_list_0\">\n\t\t\t\t\n\t\t\t\t\n\t\t\t\t\n\t\t\t\t\n\t\t\t\t\n\t\t\t\t\n\t\t\t\t<div class=\"et_pb_module_inner\">\n\t\t\t\t\t<ul class=\"dsm_icon_list_items dsm_icon_list_ltr_direction dsm_icon_list_layout_vertical\"><li class=\"dsm_icon_list_child dsm_icon_list_child_0\">\n\t\t\t\t\n\t\t\t\t\n\t\t\t\t\n\t\t\t\t\n\t\t\t\t<a href=\"tel:+385989767054\"><span class=\"dsm_icon_list_wrapper\"><span class=\"dsm_icon_list_icon\">\ue090<\/span><\/span><span class=\"dsm_icon_list_text\">Rufen Sie uns an: +385 98 9767 054<\/span><\/a>\n\t\t\t<\/li><li class=\"dsm_icon_list_child dsm_icon_list_child_1\">\n\t\t\t\t\n\t\t\t\t\n\t\t\t\t\n\t\t\t\t\n\t\t\t\t<a href=\"mailto:info@\"><span class=\"dsm_icon_list_wrapper\"><span class=\"dsm_icon_list_icon\">\ue010<\/span><\/span><span class=\"dsm_icon_list_text\">E-Mail: info@<\/span><\/a>\n\t\t\t<\/li><\/ul>\n\t\t\t\t<\/div>\n\t\t\t<\/div><div class=\"et_pb_module dsm_faq dsm_faq_0\">\n\t\t\t\t\n\t\t\t\t\n\t\t\t\t\n\t\t\t\t\n\t\t\t\t\n\t\t\t\t\n\t\t\t\t<div class=\"et_pb_module_inner\">\n\t\t\t\t\t<div class=\"dsm-faq-container dsm-front\" data-accordion=\"off\" data-open_first_item=\"off\">\n\t\t\t\t\n\t\t\t <\/div>\n\t\t\t \n\t\t\t\n\t\t\t\t<\/div>\n\t\t\t<\/div><div class=\"dsm_faq_child_0 dsm-faq-item-wrapper\">\n\t\t\t\t<div class=\"dsm-title-wrapper\">\n\t\t\t\t <div class=\"dsm-title-inner-wrapper\">\n\t\t\t\t   <div class=\"dsm_open_icon\"><span>!<\/span><\/div>\n\t\t\t\t   <div class=\"dsm_close_icon\"><span>\"<\/span><\/div>\n\t\t\t\t   \n\t\t\t\t   \n\t\t\t\t   <h5 class=\"dsm-faq-title\">Abholort<\/h5>\n\t\t\t\t <\/div> \n\t\t\t\t <div class=\"dsm-faq-item-inner-wrapper\">\n\t\t\t\t   \n\t\t\t\t   \n\t\t\t\t   \n\t\t\t\t   \n\t\t\t\t <\/div>\n\t\t\t\t<\/div>\n\t\t\t\t<div class=\"dsm-faq-content\">Wo kann ich das Boot abholen?Die Boote k\u00f6nnen Sie abholen bei Marina Polesana, Ulica Valelunga 90, 52100 Pula.<\/div>\n\t\t\t <\/div>\n\t\t\t<div class=\"dsm_faq_child_1 dsm-faq-item-wrapper\">\n\t\t\t\t<div class=\"dsm-title-wrapper\">\n\t\t\t\t <div class=\"dsm-title-inner-wrapper\">\n\t\t\t\t   <div class=\"dsm_open_icon\"><span>!<\/span><\/div>\n\t\t\t\t   <div class=\"dsm_close_icon\"><span>\"<\/span><\/div>\n\t\t\t\t   \n\t\t\t\t   \n\t\t\t\t   <h5 class=\"dsm-faq-title\">Check-in und Check-out Zeiten<\/h5>\n\t\t\t\t <\/div> \n\t\t\t\t <div class=\"dsm-faq-item-inner-wrapper\">\n\t\t\t\t   \n\t\t\t\t   \n\t\t\t\t   \n\t\t\t\t   \n\t\t\t\t <\/div>\n\t\t\t\t<\/div>\n\t\t\t\t<div class=\"dsm-faq-content\">Wie sind die Check-in und Check-out Zeiten? Einchecken: 9:00 AM Check-out: 18:00 Uhr <\/div>\n\t\t\t <\/div>\n\t\t\t<div class=\"dsm_faq_child_2 dsm-faq-item-wrapper\">\n\t\t\t\t<div class=\"dsm-title-wrapper\">\n\t\t\t\t <div class=\"dsm-title-inner-wrapper\">\n\t\t\t\t   <div class=\"dsm_open_icon\"><span>!<\/span><\/div>\n\t\t\t\t   <div class=\"dsm_close_icon\"><span>\"<\/span><\/div>\n\t\t\t\t   \n\t\t\t\t   \n\t\t\t\t   <h5 class=\"dsm-faq-title\">Was ist im Mietpreis inbegriffen?<\/h5>\n\t\t\t\t <\/div> \n\t\t\t\t <div class=\"dsm-faq-item-inner-wrapper\">\n\t\t\t\t   \n\t\t\t\t   \n\t\t\t\t   \n\t\t\t\t   \n\t\t\t\t <\/div>\n\t\t\t\t<\/div>\n\t\t\t\t<div class=\"dsm-faq-content\">Der Mietpreis beinhaltet: Boot mieten Umfassende Versicherung f\u00fcr das Boot und die Crew Sicherheitsausr\u00fcstung Grundlegende operative Ausr\u00fcstung f\u00fcr die Navigation <\/div>\n\t\t\t <\/div>\n\t\t\t<div class=\"dsm_faq_child_3 dsm-faq-item-wrapper\">\n\t\t\t\t<div class=\"dsm-title-wrapper\">\n\t\t\t\t <div class=\"dsm-title-inner-wrapper\">\n\t\t\t\t   <div class=\"dsm_open_icon\"><span>!<\/span><\/div>\n\t\t\t\t   <div class=\"dsm_close_icon\"><span>\"<\/span><\/div>\n\t\t\t\t   \n\t\t\t\t   \n\t\t\t\t   <h5 class=\"dsm-faq-title\">&#8220;Was<\/h5>\n\t\t\t\t <\/div> \n\t\t\t\t <div class=\"dsm-faq-item-inner-wrapper\">\n\t\t\t\t   \n\t\t\t\t   \n\t\t\t\t   \n\t\t\t\t   \n\t\t\t\t <\/div>\n\t\t\t\t<\/div>\n\t\t\t\t\n\t\t\t <\/div>\n\t\t\t<\/p>\n","protected":false},"author":1,"featured_media":1822,"parent":0,"menu_order":0,"comment_status":"closed","ping_status":"closed","template":"","meta":{"_et_pb_use_builder":"on","_et_pb_old_content":"","_et_gb_content_width":"","footnotes":""},"class_list":["post-2151","page","type-page","status-publish","has-post-thumbnail","hentry"],"yoast_head":"<!-- This site is optimized with the Yoast SEO Premium plugin v27.4 (Yoast SEO v27.4) - https:\/\/yoast.com\/product\/yoast-seo-premium-wordpress\/ -->\n<title>FAQ - Pula rent a boat<\/title>\n<meta name=\"robots\" content=\"index, follow, max-snippet:-1, max-image-preview:large, max-video-preview:-1\" \/>\n<link rel=\"canonical\" href=\"https:\/\/bellen.hr\/de\/faq\/\" \/>\n<meta property=\"og:locale\" content=\"de_DE\" \/>\n<meta property=\"og:type\" content=\"article\" \/>\n<meta property=\"og:title\" content=\"FAQ\" \/>\n<meta property=\"og:description\" content=\"FAQHaben Sie weitere Fragen? Wir sind f\u00fcr Sie da! Wenn Sie zus\u00e4tzliche Informationen ben\u00f6tigen oder spezielle W\u00fcnsche haben, z\u00f6gern Sie nicht, sich an uns zu wenden. Unser Team setzt sich daf\u00fcr ein, dass Sie alles haben, was Sie f\u00fcr eine reibungslose und unvergessliche Erfahrung an der Adria brauchen. Lassen Sie uns Ihnen helfen, Ihre perfekte Reise zu planen!\" \/>\n<meta property=\"og:url\" content=\"https:\/\/bellen.hr\/de\/faq\/\" \/>\n<meta property=\"og:site_name\" content=\"Pula rent a boat\" \/>\n<meta property=\"article:modified_time\" content=\"2024-12-12T12:31:00+00:00\" \/>\n<meta property=\"og:image\" content=\"https:\/\/bellen.hr\/wp-content\/uploads\/2024\/12\/lilly-pula-rent-a-boat.webp\" \/>\n\t<meta property=\"og:image:width\" content=\"1600\" \/>\n\t<meta property=\"og:image:height\" content=\"1065\" \/>\n\t<meta property=\"og:image:type\" content=\"image\/webp\" \/>\n<meta name=\"twitter:card\" content=\"summary_large_image\" \/>\n<meta name=\"twitter:label1\" content=\"Gesch\u00e4tzte Lesezeit\" \/>\n\t<meta name=\"twitter:data1\" content=\"8\u00a0Minuten\" \/>\n<script type=\"application\/ld+json\" class=\"yoast-schema-graph\">{\"@context\":\"https:\\\/\\\/schema.org\",\"@graph\":[{\"@type\":\"WebPage\",\"@id\":\"https:\\\/\\\/bellen.hr\\\/de\\\/faq\\\/\",\"url\":\"https:\\\/\\\/bellen.hr\\\/de\\\/faq\\\/\",\"name\":\"FAQ - Pula rent a boat\",\"isPartOf\":{\"@id\":\"https:\\\/\\\/bellen.hr\\\/de\\\/#website\"},\"primaryImageOfPage\":{\"@id\":\"https:\\\/\\\/bellen.hr\\\/de\\\/faq\\\/#primaryimage\"},\"image\":{\"@id\":\"https:\\\/\\\/bellen.hr\\\/de\\\/faq\\\/#primaryimage\"},\"thumbnailUrl\":\"https:\\\/\\\/bellen.hr\\\/wp-content\\\/uploads\\\/2024\\\/12\\\/lilly-pula-rent-a-boat.webp\",\"datePublished\":\"2024-10-02T11:37:40+00:00\",\"dateModified\":\"2024-12-12T12:31:00+00:00\",\"breadcrumb\":{\"@id\":\"https:\\\/\\\/bellen.hr\\\/de\\\/faq\\\/#breadcrumb\"},\"inLanguage\":\"de\",\"potentialAction\":[{\"@type\":\"ReadAction\",\"target\":[\"https:\\\/\\\/bellen.hr\\\/de\\\/faq\\\/\"]}]},{\"@type\":\"ImageObject\",\"inLanguage\":\"de\",\"@id\":\"https:\\\/\\\/bellen.hr\\\/de\\\/faq\\\/#primaryimage\",\"url\":\"https:\\\/\\\/bellen.hr\\\/wp-content\\\/uploads\\\/2024\\\/12\\\/lilly-pula-rent-a-boat.webp\",\"contentUrl\":\"https:\\\/\\\/bellen.hr\\\/wp-content\\\/uploads\\\/2024\\\/12\\\/lilly-pula-rent-a-boat.webp\",\"width\":1600,\"height\":1065},{\"@type\":\"BreadcrumbList\",\"@id\":\"https:\\\/\\\/bellen.hr\\\/de\\\/faq\\\/#breadcrumb\",\"itemListElement\":[{\"@type\":\"ListItem\",\"position\":1,\"name\":\"Home\",\"item\":\"https:\\\/\\\/bellen.hr\\\/de\\\/startseite\\\/\"},{\"@type\":\"ListItem\",\"position\":2,\"name\":\"FAQ\"}]},{\"@type\":\"WebSite\",\"@id\":\"https:\\\/\\\/bellen.hr\\\/de\\\/#website\",\"url\":\"https:\\\/\\\/bellen.hr\\\/de\\\/\",\"name\":\"Pula rent a boat\",\"description\":\"Boat charter rent in Pula\",\"publisher\":{\"@id\":\"https:\\\/\\\/bellen.hr\\\/de\\\/#organization\"},\"potentialAction\":[{\"@type\":\"SearchAction\",\"target\":{\"@type\":\"EntryPoint\",\"urlTemplate\":\"https:\\\/\\\/bellen.hr\\\/de\\\/?s={search_term_string}\"},\"query-input\":{\"@type\":\"PropertyValueSpecification\",\"valueRequired\":true,\"valueName\":\"search_term_string\"}}],\"inLanguage\":\"de\"},{\"@type\":[\"Organization\",\"Place\"],\"@id\":\"https:\\\/\\\/bellen.hr\\\/de\\\/#organization\",\"name\":\"Bellen charter\",\"alternateName\":\"Bellen charter\",\"url\":\"https:\\\/\\\/bellen.hr\\\/de\\\/\",\"logo\":{\"@id\":\"https:\\\/\\\/bellen.hr\\\/de\\\/faq\\\/#local-main-organization-logo\"},\"image\":{\"@id\":\"https:\\\/\\\/bellen.hr\\\/de\\\/faq\\\/#local-main-organization-logo\"},\"telephone\":[],\"openingHoursSpecification\":[{\"@type\":\"OpeningHoursSpecification\",\"dayOfWeek\":[\"Monday\",\"Tuesday\",\"Wednesday\",\"Thursday\",\"Friday\",\"Saturday\",\"Sunday\"],\"opens\":\"09:00\",\"closes\":\"17:00\"}]},{\"@type\":\"ImageObject\",\"inLanguage\":\"de\",\"@id\":\"https:\\\/\\\/bellen.hr\\\/de\\\/faq\\\/#local-main-organization-logo\",\"url\":\"https:\\\/\\\/bellen.hr\\\/wp-content\\\/uploads\\\/2026\\\/01\\\/Original-Logo.png\",\"contentUrl\":\"https:\\\/\\\/bellen.hr\\\/wp-content\\\/uploads\\\/2026\\\/01\\\/Original-Logo.png\",\"width\":2229,\"height\":2033,\"caption\":\"Bellen charter\"}]}<\/script>\n<!-- \/ Yoast SEO Premium plugin. -->","yoast_head_json":{"title":"FAQ - Pula rent a boat","robots":{"index":"index","follow":"follow","max-snippet":"max-snippet:-1","max-image-preview":"max-image-preview:large","max-video-preview":"max-video-preview:-1"},"canonical":"https:\/\/bellen.hr\/de\/faq\/","og_locale":"de_DE","og_type":"article","og_title":"FAQ","og_description":"FAQHaben Sie weitere Fragen? Wir sind f\u00fcr Sie da! Wenn Sie zus\u00e4tzliche Informationen ben\u00f6tigen oder spezielle W\u00fcnsche haben, z\u00f6gern Sie nicht, sich an uns zu wenden. Unser Team setzt sich daf\u00fcr ein, dass Sie alles haben, was Sie f\u00fcr eine reibungslose und unvergessliche Erfahrung an der Adria brauchen. Lassen Sie uns Ihnen helfen, Ihre perfekte Reise zu planen!","og_url":"https:\/\/bellen.hr\/de\/faq\/","og_site_name":"Pula rent a boat","article_modified_time":"2024-12-12T12:31:00+00:00","og_image":[{"width":1600,"height":1065,"url":"https:\/\/bellen.hr\/wp-content\/uploads\/2024\/12\/lilly-pula-rent-a-boat.webp","type":"image\/webp"}],"twitter_card":"summary_large_image","twitter_misc":{"Gesch\u00e4tzte Lesezeit":"8\u00a0Minuten"},"schema":{"@context":"https:\/\/schema.org","@graph":[{"@type":"WebPage","@id":"https:\/\/bellen.hr\/de\/faq\/","url":"https:\/\/bellen.hr\/de\/faq\/","name":"FAQ - Pula rent a boat","isPartOf":{"@id":"https:\/\/bellen.hr\/de\/#website"},"primaryImageOfPage":{"@id":"https:\/\/bellen.hr\/de\/faq\/#primaryimage"},"image":{"@id":"https:\/\/bellen.hr\/de\/faq\/#primaryimage"},"thumbnailUrl":"https:\/\/bellen.hr\/wp-content\/uploads\/2024\/12\/lilly-pula-rent-a-boat.webp","datePublished":"2024-10-02T11:37:40+00:00","dateModified":"2024-12-12T12:31:00+00:00","breadcrumb":{"@id":"https:\/\/bellen.hr\/de\/faq\/#breadcrumb"},"inLanguage":"de","potentialAction":[{"@type":"ReadAction","target":["https:\/\/bellen.hr\/de\/faq\/"]}]},{"@type":"ImageObject","inLanguage":"de","@id":"https:\/\/bellen.hr\/de\/faq\/#primaryimage","url":"https:\/\/bellen.hr\/wp-content\/uploads\/2024\/12\/lilly-pula-rent-a-boat.webp","contentUrl":"https:\/\/bellen.hr\/wp-content\/uploads\/2024\/12\/lilly-pula-rent-a-boat.webp","width":1600,"height":1065},{"@type":"BreadcrumbList","@id":"https:\/\/bellen.hr\/de\/faq\/#breadcrumb","itemListElement":[{"@type":"ListItem","position":1,"name":"Home","item":"https:\/\/bellen.hr\/de\/startseite\/"},{"@type":"ListItem","position":2,"name":"FAQ"}]},{"@type":"WebSite","@id":"https:\/\/bellen.hr\/de\/#website","url":"https:\/\/bellen.hr\/de\/","name":"Pula rent a boat","description":"Boat charter rent in Pula","publisher":{"@id":"https:\/\/bellen.hr\/de\/#organization"},"potentialAction":[{"@type":"SearchAction","target":{"@type":"EntryPoint","urlTemplate":"https:\/\/bellen.hr\/de\/?s={search_term_string}"},"query-input":{"@type":"PropertyValueSpecification","valueRequired":true,"valueName":"search_term_string"}}],"inLanguage":"de"},{"@type":["Organization","Place"],"@id":"https:\/\/bellen.hr\/de\/#organization","name":"Bellen charter","alternateName":"Bellen charter","url":"https:\/\/bellen.hr\/de\/","logo":{"@id":"https:\/\/bellen.hr\/de\/faq\/#local-main-organization-logo"},"image":{"@id":"https:\/\/bellen.hr\/de\/faq\/#local-main-organization-logo"},"telephone":[],"openingHoursSpecification":[{"@type":"OpeningHoursSpecification","dayOfWeek":["Monday","Tuesday","Wednesday","Thursday","Friday","Saturday","Sunday"],"opens":"09:00","closes":"17:00"}]},{"@type":"ImageObject","inLanguage":"de","@id":"https:\/\/bellen.hr\/de\/faq\/#local-main-organization-logo","url":"https:\/\/bellen.hr\/wp-content\/uploads\/2026\/01\/Original-Logo.png","contentUrl":"https:\/\/bellen.hr\/wp-content\/uploads\/2026\/01\/Original-Logo.png","width":2229,"height":2033,"caption":"Bellen charter"}]}},"_links":{"self":[{"href":"https:\/\/bellen.hr\/de\/wp-json\/wp\/v2\/pages\/2151","targetHints":{"allow":["GET"]}}],"collection":[{"href":"https:\/\/bellen.hr\/de\/wp-json\/wp\/v2\/pages"}],"about":[{"href":"https:\/\/bellen.hr\/de\/wp-json\/wp\/v2\/types\/page"}],"author":[{"embeddable":true,"href":"https:\/\/bellen.hr\/de\/wp-json\/wp\/v2\/users\/1"}],"replies":[{"embeddable":true,"href":"https:\/\/bellen.hr\/de\/wp-json\/wp\/v2\/comments?post=2151"}],"version-history":[{"count":0,"href":"https:\/\/bellen.hr\/de\/wp-json\/wp\/v2\/pages\/2151\/revisions"}],"wp:featuredmedia":[{"embeddable":true,"href":"https:\/\/bellen.hr\/de\/wp-json\/wp\/v2\/media\/1822"}],"wp:attachment":[{"href":"https:\/\/bellen.hr\/de\/wp-json\/wp\/v2\/media?parent=2151"}],"curies":[{"name":"wp","href":"https:\/\/api.w.org\/{rel}","templated":true}]}}